{"id":1230,"date":"2020-06-05T17:09:47","date_gmt":"2020-06-05T20:09:47","guid":{"rendered":"https:\/\/fcpi.com.br\/portal\/?page_id=1230"},"modified":"2026-02-04T07:58:02","modified_gmt":"2026-02-04T10:58:02","slug":"portarias","status":"publish","type":"page","link":"https:\/\/fcpi.com.br\/novo\/portarias\/","title":{"rendered":"PORTARIAS"},"content":{"rendered":"\n<p><strong>Espa\u00e7o para publica\u00e7\u00e3o das portarias da Faculdade do Cerrado Piauiense.<\/strong><\/p>\n\n\n\n<p><a href=\"https:\/\/fcpi.com.br\/novo\/wp-content\/uploads\/2026\/02\/PORTARIA-DG-FCP-N.o-011-2026-Resultado-Processo-Seletivo-FCP-2026-1-Assinada.pdf\">PORTARIA-DG-FCP N.\u00ba 011-2026- Resultado Processo Seletivo &#8211; FCP &#8211; 2026-1<\/a><br><br><a href=\"https:\/\/fcpi.com.br\/novo\/wp-content\/uploads\/2026\/02\/PORTARIA-DG-FCP-N.o-009-2026-Nomeacao-Coordenadora-do-NPPE-FCP-Assinada.pdf\">PORTARIA-DG-FCP N.\u00ba 009-2026 (Nomea\u00e7\u00e3o-Coordenadora do NPPE-FCP)<\/a><br><br><a href=\"https:\/\/fcpi.com.br\/novo\/wp-content\/uploads\/2026\/02\/PORTARIA-DG-FCP-N.o-008-2026-Nomeacao-Coordenador-do-Curso-de-Bacharelado-em-Direito-FCP-Assinada.pdf\">PORTARIA-DG-FCP N.\u00ba 008-2026 (Nomea\u00e7\u00e3o-Coordenador do Curso de Bacharelado em Direito-FCP)<\/a><br><br><a href=\"https:\/\/fcpi.com.br\/novo\/wp-content\/uploads\/2026\/02\/PORTARIA-DG-FCP-N.o-007-2026-Nomeacao-Diretor-Academico-FCP-Assinada.pdf\">PORTARIA-DG-FCP N.\u00ba 007-2026 (Nomea\u00e7\u00e3o-Diretor Acad\u00eamico-FCP)<\/a><\/p>\n\n\n\n<p><a href=\"https:\/\/fcpi.com.br\/novo\/wp-content\/uploads\/2026\/02\/PORTARIA-DG-FCP-N.o-006-2026-RESULTADO-FINAL-SELECAO-DOCENTE-DIREITO-FCP-2026-1-Assinada.pdf\">PORTARIA-DG-FCP N.\u00ba 006-2026 &#8211; RESULTADO FINAL &#8211; SELE\u00c7\u00c3O &#8211; DOCENTE &#8211; DIREITO &#8211; FCP &#8211; 2026-1<\/a><\/p>\n\n\n\n<p><a href=\"https:\/\/fcpi.com.br\/novo\/wp-content\/uploads\/2026\/01\/PORTARIA-DG-FCP-N.o-005-2026-RESULTADO-PROVA-DIDATICA-E-ENTREVISTA-SELECAO-DOCENTE-DIREITO-FCP-2026-1-Assinada.pdf\">PORTARIA-DG-FCP N.\u00ba 005-2026 &#8211; RESULTADO &#8211; PROVA DID\u00c1TICA E ENTREVISTA &#8211; SELE\u00c7\u00c3O &#8211; DOCENTE &#8211; DIREITO &#8211; FCP &#8211; 2026-1 <\/a><\/p>\n\n\n\n<p><a href=\"https:\/\/fcpi.com.br\/novo\/wp-content\/uploads\/2026\/01\/PORTARIA-DG-FCP-N.o-004-2026-NOMEACAO-DE-SUPLENTE-DA-COMISSAO-EXAMINADORA-SELECAO-DOCENTES-DIREITO-FCP-2026-1-Assinada.pdf\">PORTARIA-DG-FCP N.\u00ba 004-2026 &#8211; NOMEA\u00c7\u00c3O DE SUPLENTE DA COMISS\u00c3O EXAMINADORA &#8211; SELE\u00c7\u00c3O &#8211; DOCENTES &#8211; DIREITO &#8211; FCP &#8211; 2026-1<\/a> <\/p>\n\n\n\n<p><a href=\"https:\/\/fcpi.com.br\/novo\/wp-content\/uploads\/2026\/01\/PORTARIA-DG-FCP-N.o-003-2026-RESULTADO-ANALISE-CURRICULAR-SELECAO-DOCENTE-DIREITO-FCP-2026-1-Assinada.pdf\">PORTARIA-DG-FCP N.\u00ba 003-2026 &#8211; RESULTADO &#8211; AN\u00c1LISE CURRICULAR &#8211; SELE\u00c7\u00c3O &#8211; DOCENTE &#8211; DIREITO &#8211; FCP &#8211; 2026-1 <\/a><\/p>\n\n\n\n<p><a href=\"https:\/\/fcpi.com.br\/novo\/wp-content\/uploads\/2026\/01\/PORTARIA-DG-FCP-N.o-002-2026-RESULTADO-INSCRICOES-SELECAO-DOCENTE-DIREITO-FCP-2026-1-Assinada-1.pdf\"><strong>PORTARIA-DG-FCP N.\u00ba 002-2026<\/strong> &#8211;<\/a> <a href=\"https:\/\/fcpi.com.br\/novo\/wp-content\/uploads\/2026\/01\/PORTARIA-DG-FCP-N.o-002-2026-RESULTADO-INSCRICOES-SELECAO-DOCENTE-DIREITO-FCP-2026-1-Assinada-1.pdf\">RESULTADO-INSCRICOES-SELECAO-DOCENTE-DIREITO-FCP-2026-1<\/a><br><br><a href=\"https:\/\/fcpi.com.br\/novo\/wp-content\/uploads\/2026\/01\/PORTARIA-DG-FCP-N.o-001-2026-COMPOSICAO-DA-COMISSAO-EXAMINADORA-SELECAO-DOCENTES-DIREITO-FCP-2026-1-Assinada-1.pdf\"><strong>PORTARIA-DG-FCP N.\u00ba 001-2026<\/strong> &#8211; COMPOSICAO-DA-COMISSAO-EXAMINADORA-SELECAO-DOCENTES-DIREITO-FCP-2026-1<\/a><br><br><a href=\"https:\/\/fcpi.com.br\/novo\/wp-admin\/post.php?post=3246&amp;action=edit\">PORTARIA-CD-FCP n.\u00ba 004-2025 \u2013 Publica\u00e7\u00e3o das Defesas P\u00fablicas pelas Bancas Avaliadoras \u2013 TCC \u2013 2025-2<\/a><\/p>\n\n\n\n<p><a href=\"https:\/\/fcpi.com.br\/novo\/wp-content\/uploads\/2025\/09\/PORTARIA-DA-FCP-N.o-044-2025-Nomeacao-PIBIC-Gabriel-DIREITO-FCP-2025-2-Assinada.pdf\"><strong>PORTARIA-DA-FCP N.\u00ba 044-2025 &#8211; Nomea\u00e7\u00e3o &#8211; PIBIC &#8211; Gabriel<\/strong> PIBIC -Direito<\/a><\/p>\n\n\n\n<p><a href=\"https:\/\/fcpi.com.br\/novo\/wp-content\/uploads\/2025\/09\/PORTARIA-DA-FCP-N.o-046-2025-Nomeacao-Orientador-Gabriel-PIBIC-DIREITO-FCP-2025-2-Francisco-Atualpa-Assinada.pdf\"><strong>PORTARIA-DA-FCP N.\u00ba 046-2025-Nomea\u00e7\u00e3o-Orientador (Gabriel)<\/strong> &#8211; PIBIC &#8211; Direito<\/a><\/p>\n\n\n\n<p><a href=\"https:\/\/fcpi.com.br\/novo\/wp-content\/uploads\/2025\/09\/PORTARIA-DA-FCP-N.o-045-2025-Nomeacao-Orientador-Daniel-PIBIC-DIREITO-FCP-2025-2-Francisco-Atualpa-Assinada.pdf\"><strong>PORTARIA-DA-FCP N.\u00ba 045-2025-Nomea\u00e7\u00e3o-Orientador (Daniel)-PI<\/strong>BIC Direito<\/a><\/p>\n\n\n\n<p><a href=\"https:\/\/fcpi.com.br\/novo\/wp-content\/uploads\/2025\/09\/PORTARIA-DA-FCP-N.o-040-2025-Nomeacao-Orientadora-Monitoria-D.-Consum.-DIREITO-FCP-2025-2-Carmen-Assinada.pdf\"><strong>PORTARIA-DA-FCP N.\u00ba 040-2025 &#8211; Nomea\u00e7\u00e3o &#8211; Orientadora &#8211; Moni<\/strong>toria<\/a><\/p>\n\n\n\n<p><a href=\"https:\/\/fcpi.com.br\/novo\/wp-content\/uploads\/2025\/09\/PORTARIA-DA-FCP-N.o-041-2025-Nomeacao-Orientadora-Monitoria-Psicologia.-Juridica-DIREITO-FCP-2025-2-Ana-Rebeca-Assinada.pdf\"><strong>PORTARIA-DA-FCP N.\u00ba 041-2025 &#8211; Nomea\u00e7\u00e3o &#8211; Orientadora &#8211; Moni<\/strong>toria<\/a><\/p>\n\n\n\n<p><a href=\"https:\/\/fcpi.com.br\/novo\/wp-content\/uploads\/2025\/09\/PORTARIA-DA-FCP-N.o-042-2025-Nomeacao-Orientador-Monitoria-Dir.-Const.-I-DIREITO-FCP-2025-2-Matheus-Assinada.pdf\"><strong>PORTARIA-DA-FCP N.\u00ba 042-2025 &#8211; Nomea\u00e7\u00e3o &#8211; Orientador &#8211; Monit<\/strong>oria<\/a><\/p>\n\n\n\n<p><strong><a href=\"https:\/\/fcpi.com.br\/novo\/wp-content\/uploads\/2025\/09\/PORTARIA-DA-FCP-N.o-043-2025-Renovacao-Nomeacao-PIBIC-Daniel-DIREITO-FCP-2025-2-Assinada.pdf\">PORTARIA-DA-FCP N.\u00ba 043-2025 &#8211; Renova\u00e7\u00e3o &#8211; Nomea\u00e7\u00e3o &#8211; PIBIC<\/a><\/strong><\/p>\n\n\n\n<p><strong><a href=\"https:\/\/fcpi.com.br\/novo\/wp-content\/uploads\/2025\/09\/PORTARIA-DA-FCP-N.o-038-2025-Nomeacao-Monitora-Mirella-Psicologia-Juridica-DIREITO-FCP-2025-2-Assinada.pdf\">PORTARIA-DA-FCP N.\u00ba 038-2025 &#8211; Nomea\u00e7\u00e3o &#8211; Monitora &#8211; Mirella<\/a><\/strong><\/p>\n\n\n\n<p><strong><a href=\"https:\/\/fcpi.com.br\/novo\/wp-content\/uploads\/2025\/09\/PORTARIA-DA-FCP-N.o-039-2025-Nomeacao-Monitor-Cainan-Dir.-Const.-I-DIREITO-FCP-2025-2-Assinada.pdf\">PORTARIA-DA-FCP N.\u00ba 039-2025 &#8211; Nomea\u00e7\u00e3o &#8211; Monitor &#8211; Cainan<\/a><\/strong><\/p>\n\n\n\n<p><a href=\"https:\/\/fcpi.com.br\/novo\/wp-content\/uploads\/2025\/09\/PORTARIA-DA-FCP-N.o-037-2025-Nomeacao-Monitora-Emilly-Vitoria-D.-Consum.-DIREITO-FCP-2025-2-Assinada.pdf\">PORTARIA-DA-FCP-N.o-037-2025-Nomeacao-Monitora-Emilly-Vitoria-D.-Consum.-DIREITO-FCP-2025-2<\/a><\/p>\n\n\n\n<p><a href=\"https:\/\/fcpi.com.br\/portal\/wp-content\/uploads\/2025\/07\/PORTARIA-DA-FCP-N.o-024-2025-RESULTADO-PROVAS-DE-2.a-CHAMADA-1.a-AVALIACAO-2025-1-Assinada.pdf\">PORTARIA-DA-FCP N.\u00ba 024-2025 &#8211; RESULTADO &#8211; PROVAS DE 2.\u00aa CHAMADA &#8211; 1.\u00aa AVALIA\u00c7\u00c3O &#8211; 2025-1 (Assinada)<\/a><\/p>\n\n\n\n<p><a href=\"https:\/\/fcpi.com.br\/portal\/wp-content\/uploads\/2025\/07\/PORTARIA-DA-FCP-N.o-025-2025-RESULTADO-FINAL-PROVAS-DE-2.a-CHAMADA-1.a-AVALIACAO-2025-1-Assinada.pdf\">PORTARIA-DA-FCP N.\u00ba 025-2025 &#8211; RESULTADO FINAL &#8211; PROVAS DE 2.\u00aa CHAMADA &#8211; 1.\u00aa AVALIA\u00c7\u00c3O &#8211; 2025-1 (Assinada)<\/a><\/p>\n\n\n\n<p><a href=\"https:\/\/fcpi.com.br\/portal\/wp-content\/uploads\/2025\/07\/PORTARIA-DA-FCP-N.o-028-2025-RESULTADO-PROVAS-DE-2.a-CHAMADA-2.a-AVALIACAO-2025-1-Assinada.pdf\">PORTARIA-DA-FCP N.\u00ba 028-2025 &#8211; RESULTADO &#8211; PROVAS DE 2.\u00aa CHAMADA &#8211; 2.\u00aa AVALIA\u00c7\u00c3O &#8211; 2025-1 (Assinada)<\/a><\/p>\n\n\n\n<p><a href=\"https:\/\/fcpi.com.br\/portal\/wp-content\/uploads\/2025\/07\/PORTARIA-DA-FCP-N.o-029-2025-RESULTADO-FINAL-PROVAS-DE-2.a-CHAMADA-2.a-AVALIACAO-2025-1-Assinada.pdf\">PORTARIA-DA-FCP N.\u00ba 029-2025 &#8211; RESULTADO FINAL &#8211; PROVAS DE 2.\u00aa CHAMADA &#8211; 2.\u00aa AVALIA\u00c7\u00c3O &#8211; 2025-1 (Assinada<\/a>)<\/p>\n\n\n\n<p><a href=\"https:\/\/fcpi.com.br\/portal\/wp-content\/uploads\/2025\/07\/PORTARIA-DA-FCP-N.o-033-2025-RESULTADO-Justificativas-de-Faltas-DIREITO-FCP-2025-1-28-06-2025-Assinada.pdf\">PORTARIA-DA-FCP N.\u00ba 033-2025 &#8211; RESULTADO &#8211; Justificativas de Faltas &#8211; DIREITO &#8211; FCP &#8211; 2025-1 (28-06-2025) (Assinada)<\/a><\/p>\n\n\n\n<p><a href=\"https:\/\/fcpi.com.br\/portal\/wp-content\/uploads\/2025\/07\/PORTARIA-DA-FCP-N.o-030-2025-RESULTADO-Justificativas-de-Faltas-DIREITO-FCP-2025-1-28-05-2025-Assinada.pdf\">PORTARIA-DA-FCP N.\u00ba 030-2025 &#8211; RESULTADO &#8211; Justificativas de Faltas &#8211; DIREITO &#8211; FCP &#8211; 2025-1 (28-05-2025) (Assinada)<\/a><\/p>\n\n\n\n<p><a href=\"https:\/\/fcpi.com.br\/portal\/wp-content\/uploads\/2025\/07\/PORTARIA-DA-FCP-N.o-031-2025-Prazo-para-Atividades-Complementares-DIREITO-FCP-2025-1-Assinada.pdf\">PORTARIA-DA-FCP N.\u00ba 031-2025 &#8211; Prazo para Atividades Complementares &#8211; DIREITO &#8211; FCP &#8211; 2025-1 (Assinada)<\/a><\/p>\n\n\n\n<p><a href=\"https:\/\/fcpi.com.br\/portal\/wp-content\/uploads\/2025\/07\/PORTARIA-DA-FCP-N.o-035-2025-Prazo-para-Atividades-Complementares-Exame-Final-DIREITO-FCP-2025-1-Assinada.pdf\">PORTARIA-DA-FCP N.\u00ba 035-2025 &#8211; Prazo para Atividades Complementares (Exame Final) &#8211; DIREITO &#8211; FCP &#8211; 2025-1 (Assinada)<\/a><\/p>\n\n\n\n<p><a href=\"https:\/\/fcpi.com.br\/portal\/wp-content\/uploads\/2025\/07\/PORTARIA-DA-FCP-N.o-034-2025-RESULTADO-Justificativas-de-Faltas-DIREITO-FCP-2025-1-01-07-2025-Assinada.pdf\">PORTARIA-DA-FCP N.\u00ba 034-2025 &#8211; RESULTADO &#8211; Justificativas de Faltas &#8211; DIREITO &#8211; FCP &#8211; 2025-1 (01-07-2025) (Assinada)<\/a><\/p>\n\n\n\n<p><a href=\"https:\/\/fcpi.com.br\/portal\/wp-content\/uploads\/2025\/07\/PORTARIA-DA-FCP-N.o-032-2025-RESULTADO-PEDIDO-DE-PROVA-ESCRITA-3.a-AVALIACAO-1.o-BLOCO-DIREITO-FCP-2025-1-Assinada.pdf\">PORTARIA-DA-FCP N.\u00ba 032-2025 &#8211; RESULTADO &#8211; PEDIDO DE PROVA ESCRITA &#8211; 3.\u00aa AVALIA\u00c7\u00c3O &#8211; 1.\u00ba BLOCO &#8211; DIREITO &#8211; FCP &#8211; 2025-1 (Assinada)<\/a><\/p>\n\n\n\n<p><a href=\"https:\/\/fcpi.com.br\/portal\/wp-content\/uploads\/2025\/07\/PORTARIA-DA-FCP-N.o-023-2025-RESULTADO-PROVA-ESCRITA-SELECAO-BOLSISTA-AUXILIAR-NPJ-FCP-2025-1-Assinada.pdf\">PORTARIA-DA-FCP N.\u00ba 023-2025 &#8211; RESULTADO &#8211; PROVA ESCRITA &#8211; SELE\u00c7\u00c3O &#8211; BOLSISTA AUXILIAR &#8211; NPJ &#8211; FCP &#8211; 2025-1 (Assinada)<\/a><\/p>\n\n\n\n<p><a href=\"https:\/\/fcpi.com.br\/portal\/wp-content\/uploads\/2025\/07\/PORTARIA-DA-FCP-N.o-026-2025-Desligamento-Monitora-Alaide-Port.-e-Ling.-Jur.-DIREITO-FCP-2025-1-Assinada.pdf\">PORTARIA-DA-FCP N.\u00ba 026-2025 &#8211; Desligamento &#8211; Monitora &#8211; Ala\u00edde &#8211; Port. e Ling. Jur. &#8211; DIREITO &#8211; FCP &#8211; 2025-1 (Assinada)<\/a><\/p>\n\n\n\n<p><a href=\"https:\/\/fcpi.com.br\/portal\/wp-content\/uploads\/2025\/07\/PORTARIA-DA-FCP-N.o-027-2025-Nomeacao-Monitora-Mirella-Port.-Ling.-Juridica-DIREITO-FCP-2025-1-Assinada.pdf\">PORTARIA-DA-FCP N.\u00ba 027-2025 &#8211; Nomea\u00e7\u00e3o &#8211; Monitora &#8211; Mirella &#8211; Port. Ling. Jur\u00eddica &#8211; DIREITO &#8211; FCP &#8211; 2025-1 (Assinada)<\/a><\/p>\n\n\n\n<p><a href=\"https:\/\/fcpi.com.br\/portal\/wp-content\/uploads\/2025\/07\/PORTARIA-DA-FCP-N.o-036-2025-Resultados-Atividades-Complementares-DIREITO-FCP-2025-1-Assinada.pdf\">PORTARIA-DA-FCP N.\u00ba 036-2025 &#8211; Resultados &#8211; Atividades Complementares &#8211; DIREITO &#8211; FCP &#8211; 2025-1 (Assinada)<\/a><\/p>\n\n\n\n<p><a href=\"https:\/\/fcpi.com.br\/portal\/wp-content\/uploads\/2025\/03\/PORTARIA-DA-FCP-N.o-022-2025-RESULTADO-INSCRICOES-DEFERIDAS-SELECAO-BOLSISTA-AUXILIAR-NPJ-FCP-2025-1-Assinada.pdf\">PORTARIA-DA-FCP-N.o-022-2025-RESULTADO-INSCRICOES-DEFERIDAS-SELECAO-BOLSISTA-AUXILIAR-NPJ-FCP-2025-1<\/a><\/p>\n\n\n\n<p><a href=\"https:\/\/fcpi.com.br\/portal\/wp-content\/uploads\/2025\/03\/PORTARIA-DA-FCP-N.o-021-2025-COMPOSICAO-DA-COMISSAO-EXAMINADORA-SELECAO-BOLSISTA-AUXILIAR-NPJ-FCP-2025-1-Assinada.pdf\">PORTARIA-DA-FCP-N.o-021-2025-COMPOSICAO-DA-COMISSAO-EXAMINADORA-SELECAO-BOLSISTA-AUXILIAR-NPJ-FCP-2025-1<\/a><\/p>\n\n\n\n<p><a href=\"https:\/\/fcpi.com.br\/portal\/wp-content\/uploads\/2025\/03\/PORTARIA-DA-FCP-N.o-020-2025-Nomeacao-Orientador-PIBIC-DIREITO-FCP-2025-1-Francisco-Atualpa-Assinada.pdf\">PORTARIA-DA-FCP-N.o-020-2025-Nomeacao-Orientador-PIBIC-DIREITO-FCP-2025-1-Francisco-Atualpa<\/a><\/p>\n\n\n\n<p><a href=\"https:\/\/fcpi.com.br\/portal\/wp-content\/uploads\/2025\/03\/PORTARIA-DA-FCP-N.o-019-2025-Nomeacao-Orientador-PIBIC-DIREITO-FCP-2025-1-Francisco-Atualpa-Assinada.pdf\">PORTARIA-DA-FCP-N.o-019-2025-Nomeacao-Orientador-PIBIC-DIREITO-FCP-2025-1-Francisco-Atualpa<\/a><\/p>\n\n\n\n<p><a href=\"https:\/\/fcpi.com.br\/portal\/wp-content\/uploads\/2025\/03\/PORTARIA-DA-FCP-N.o-018-2025-Nomeacao-PIBIC-Daniel-DIREITO-FCP-2025-1-Assinada.pdf\">PORTARIA-DA-FCP-N.o-018-2025-Nomeacao-PIBIC-Daniel-DIREITO-FCP-2025-1<\/a><\/p>\n\n\n\n<p><a href=\"https:\/\/fcpi.com.br\/portal\/wp-content\/uploads\/2025\/03\/PORTARIA-DA-FCP-N.o-017-2025-Nomeacao-PIBIC-Carlos-Eduardo-Ascenso-DIREITO-FCP-2025-1-Assinada.pdf\">PORTARIA-DA-FCP-N.o-017-2025-Nomeacao-PIBIC-Carlos-Eduardo-Ascenso-DIREITO-FCP-2025-1<\/a><\/p>\n\n\n\n<p><a href=\"https:\/\/fcpi.com.br\/portal\/wp-content\/uploads\/2025\/03\/PORTARIA-DA-FCP-N.o-016-2025-Nomeacao-Orientador-Monitoria-Direito-Eleitoral-DIREITO-FCP-2025-1-Matheus-Assinada.pdf\">PORTARIA-DA-FCP-N.o-016-2025-Nomeacao-Orientador-Monitoria-Direito-Eleitoral-DIREITO-FCP-2025-1<\/a><\/p>\n\n\n\n<p><a href=\"https:\/\/fcpi.com.br\/portal\/wp-content\/uploads\/2025\/03\/PORTARIA-DA-FCP-N.o-015-2025-Nomeacao-Orientador-Monitoria-Direito-Penal-I-DIREITO-FCP-2025-1-Avelino-Assinada.pdf\">PORTARIA-DA-FCP-N.o-015-2025-Nomeacao-Orientador-Monitoria-Direito-Penal-I-DIREITO-FCP-2025-1<\/a><\/p>\n\n\n\n<p><a href=\"https:\/\/fcpi.com.br\/portal\/wp-content\/uploads\/2025\/03\/PORTARIA-DA-FCP-N.o-014-2025-Nomeacao-Orientador-Monitoria-Direito-Civil-I-DIREITO-FCP-2025-1-Cristiano-Assinada.pdf\">PORTARIA-DA-FCP-N.o-014-2025-Nomeacao-Orientador-Monitoria-Direito-Civil-I-DIREITO-FCP-2025-1<\/a><\/p>\n\n\n\n<p><a href=\"https:\/\/fcpi.com.br\/portal\/wp-content\/uploads\/2025\/03\/PORTARIA-DA-FCP-N.o-013-2025-Nomeacao-Orientadora-Monitoria-Port.-Ling.-Juridica-DIREITO-FCP-2025-1-Ana-Rebeca-Assinada.pdf\">PORTARIA-DA-FCP-N.o-013-2025-Nomeacao-Orientadora-Monitoria-Port.-Ling.-Juridica-DIREITO-FCP-2025-1<\/a><\/p>\n\n\n\n<p><a href=\"https:\/\/fcpi.com.br\/portal\/wp-content\/uploads\/2025\/03\/PORTARIA-DA-FCP-N.o-012-2025-Nomeacao-Orientadora-Monitoria-D.-Adm.-I-DIREITO-FCP-2025-1-Carmen-Assinada.pdf\">PORTARIA-DA-FCP-N.o-012-2025-Nomeacao-Orientadora-Monitoria-D.-Adm.-I-DIREITO-FCP-2025-1<\/a><\/p>\n\n\n\n<p><a href=\"https:\/\/fcpi.com.br\/portal\/wp-content\/uploads\/2025\/03\/PORTARIA-DA-FCP-N.o-011-2025-Nomeacao-Monitor-Cainan-Dir.-Eleitoral-DIREITO-FCP-2025-1-Assinada.pdf\">PORTARIA-DA-FCP-N.o-011-2025-Nomeacao-Monitor-Cainan-Dir.-Eleitoral-DIREITO-FCP-2025-1<\/a><\/p>\n\n\n\n<p><a href=\"https:\/\/fcpi.com.br\/portal\/wp-content\/uploads\/2025\/03\/PORTARIA-DA-FCP-N.o-010-2025-Nomeacao-Monitor-Helanio-Samuel-Dir.-Penal-I-DIREITO-FCP-2025-1-Assinada.pdf\">PORTARIA-DA-FCP-N.o-010-2025-Nomeacao-Monitor-Helanio-Samuel-Dir.-Penal-I-DIREITO-FCP-2025-1<\/a><\/p>\n\n\n\n<p><a href=\"https:\/\/fcpi.com.br\/portal\/wp-content\/uploads\/2025\/03\/PORTARIA-DA-FCP-N.o-009-2025-Nomeacao-Monitora-Thais-Dir.-Civil-I-Parte-Geral-DIREITO-FCP-2025-1-Assinada.pdf\">PORTARIA-DA-FCP-N.o-009-2025-Nomeacao-Monitora-Thais-Dir.-Civil-I-Parte-Geral-DIREITO-FCP-2025-1<\/a><\/p>\n\n\n\n<p><a href=\"https:\/\/fcpi.com.br\/portal\/wp-content\/uploads\/2025\/03\/PORTARIA-DA-FCP-N.o-008-2025-Nomeacao-Monitora-Alaide-Port.-Ling.-Juridica-DIREITO-FCP-2025-1-Assinada.pdf\">PORTARIA-DA-FCP-N.o-008-2025-Nomeacao-Monitora-Alaide-Port.-Ling.-Juridica-DIREITO-FCP-2025-1<\/a><\/p>\n\n\n\n<p><a href=\"https:\/\/fcpi.com.br\/portal\/wp-content\/uploads\/2025\/03\/PORTARIA-DA-FCP-N.o-007-2025-Nomeacao-Monitora-Emilly-Vitoria-D.-Adm.-I-DIREITO-FCP-2025-1-Assinada.pdf\">PORTARIA-DA-FCP-N.o-007-2025-Nomeacao-Monitora-Emilly-Vitoria-D.-Adm.-I-DIREITO-FCP-2025-1<\/a><\/p>\n\n\n\n<p><a href=\"https:\/\/fcpi.com.br\/portal\/wp-content\/uploads\/2025\/03\/PORTARIA-DA-FCP-N.o-006-2025-Resultado-Processos-de-ingresso-como-portador-de-diploma-DIREITO-FCP-2025-1.pdf\">PORTARIA-DA-FCP-N.o-006-2025-Resultado-Processos-de-ingresso-como-portador-de-diploma-DIREITO-FCP-2025-1<\/a><\/p>\n\n\n\n<p><a href=\"https:\/\/fcpi.com.br\/portal\/wp-content\/uploads\/2025\/03\/PORTARIA-DA-FCP-N.o-004-2025-Resultado-Processos-de-ingresso-como-portador-de-diploma-DIREITO-FCP-2025-1-Assinada.pdf\">PORTARIA-DA-FCP-N.o-004-2025-Resultado-Processos-de-ingresso-como-portador-de-diploma-DIREITO-FCP-2025-1<\/a><\/p>\n\n\n\n<p><a href=\"https:\/\/fcpi.com.br\/portal\/wp-content\/uploads\/2025\/03\/PORTARIA-DA-FCP-N.o-003-2025-ACADEMICOS-APTOS-A-COLACAO-DE-GRAU-DIREITO-FCP-TURMA-2024-2-Assinada.pdf\">PORTARIA-DA-FCP-N.o-003-2025-ACADEMICOS-APTOS-A-COLACAO-DE-GRAU-DIREITO-FCP-TURMA-2024-2<\/a><\/p>\n\n\n\n<p><a href=\"https:\/\/fcpi.com.br\/portal\/wp-content\/uploads\/2025\/03\/PORTARIA-DA-FCP-N.o-002-2025-Homologacao-Premio-Merito-Academico-Discente-DIREITO-FCP-2024-2-Assinada1.pdf\">PORTARIA-DA-FCP-N.o-002-2025-Homologacao-Premio-Merito-Academico-Discente-DIREITO-FCP-2024-2<\/a><\/p>\n\n\n\n<p><a href=\"https:\/\/fcpi.com.br\/portal\/wp-content\/uploads\/2025\/03\/PORTARIA-DA-FCP-N.o-001-2025-ACADEMICOS-APTOS-A-COLACAO-DE-GRAU-DIREITO-FCP-TURMA-2024-2-Assinada.pdf\">PORTARIA-DA-FCP-N.o-001-2025-ACADEMICOS-APTOS-A-COLACAO-DE-GRAU-DIREITO-FCP-TURMA-2024-2<\/a><\/p>\n\n\n\n<p><a href=\"https:\/\/fcpi.com.br\/portal\/wp-content\/uploads\/2025\/03\/RESOLUCAO-CEPEX-FCP-N.o-002-2025-Restricao-da-Utilizacao-de-Celulares-e-dispositivos-eletronicos-congeneres-em-sala-de-aula-na-FCP.pdf\">RESOLUCAO-CEPEX-FCP-N.o-002-2025-Restricao-da-Utilizacao-de-Celulares-e-dispositivos-eletronicos-congeneres-em-sala-de-aula-na-FCP<\/a><\/p>\n\n\n\n<p><a href=\"https:\/\/fcpi.com.br\/portal\/wp-content\/uploads\/2025\/03\/RESOLUCAO-CEPEX-FCP-N.o-001-2025-Prorrogacao-do-Periodo-de-Matriculas-FCP-2025-1-1.pdf\">RESOLUCAO-CEPEX-FCP-N.o-001-2025-Prorrogacao-do-Periodo-de-Matriculas-FCP-2025-1<\/a><\/p>\n\n\n\n<p><a href=\"https:\/\/fcpi.com.br\/portal\/wp-content\/uploads\/2025\/03\/RESOLUCAO-CEPEX-FCP-N.o-005-2024-Calendario-Academico-FCP-2025-1-COM-ANEXO-UNICO-2.pdf\">RESOLUCAO-CEPEX-FCP-N.o-005-2024-Calendario-Academico-FCP-2025-1-COM-ANEXO-UNICO<\/a><\/p>\n\n\n\n<p><a href=\"https:\/\/fcpi.com.br\/portal\/wp-content\/uploads\/2025\/03\/RESOLUCAO-CONSU-FCP-N.o-002-2025-Regulamento-Processo-Seletivo-2025-1-Nota-ENEM-1.pdf\">RESOLUCAO-CONSU-FCP-N.o-002-2025-Regulamento-Processo-Seletivo-2025-1-Nota-ENEM<\/a><\/p>\n\n\n\n<p><a href=\"https:\/\/fcpi.com.br\/portal\/wp-content\/uploads\/2025\/03\/RESOLUCAO-CONSU-FCP-N.o-001-2025-Alteracao-do-Art.-12-do-RG-composicao-do-Conselho-de-Curso.pdf\">RESOLUCAO-CONSU-FCP-N.o-001-2025-Alteracao-do-Art.-12-do-RG-composicao-do-Conselho-de-Curso<\/a><\/p>\n\n\n\n<p><a href=\"https:\/\/fcpi.com.br\/portal\/wp-content\/uploads\/2025\/03\/PORTARIA-DG-FCP-N.o-001-2025-Resultado-Processo-Seletivo-FCP-2025-1.pdf\">PORTARIA-DG-FCP-N.o-001-2025-Resultado-Processo-Seletivo-FCP-2025-1<\/a><\/p>\n\n\n\n<p><a href=\"https:\/\/fcpi.com.br\/portal\/wp-content\/uploads\/2025\/03\/PORTARIA-DG-FCP-N.o-003-2025-Nomeacao-Membros-do-Conselho-do-Curso-de-Direito-FCP-21-02-2025.pdf\">PORTARIA-DG-FCP-N.o-003-2025-Nomeacao-Membros-do-Conselho-do-Curso-de-Direito-FCP-21-02-2025<\/a><\/p>\n\n\n\n<p><a href=\"https:\/\/fcpi.com.br\/portal\/wp-content\/uploads\/2025\/03\/PORTARIA-DG-FCP-N.o-002-2025-Nomeacao-Coordenador-do-NPJ-FCP.pdf\">PORTARIA-DG-FCP-N.o-002-2025-Nomeacao-Coordenador-do-NPJ-FCP<\/a><\/p>\n\n\n\n<p><a href=\"https:\/\/fcpi.com.br\/portal\/wp-content\/uploads\/2024\/09\/PORTARIA-CD-FCP-n.o-001-2024-Datas-das-Defesas-Publicas-do-TCC-Direito-2024.2.pdf\">PORTARIA-CD-FCP n.\u00ba 001-2024 &#8211; Datas das Defesas P\u00fablicas do TCC &#8211; Direito &#8211; 2024.2<\/a><br><br><a href=\"https:\/\/fcpi.com.br\/portal\/wp-content\/uploads\/2024\/09\/PORTARIA-DA-FCP-N.o-029-2024-Nomeacao-Orientador-PIBIC-DIREITO-FCP-2024-2-Francisco-Atualpa-Assinada.pdf\">PORTARIA-DA-FCP-N.o-029-2024-Nomeacao-Orientador-PIBIC-DIREITO-FCP-2024-2<\/a><br><br><a href=\"https:\/\/fcpi.com.br\/portal\/wp-content\/uploads\/2024\/09\/PORTARIA-DA-FCP-N.o-028-2024-Nomeacao-PIBIC-Carlos-Eduardo-Ascenso-DIREITO-FCP-2024-2-Assinada.pdf\">PORTARIA-DA-FCP-N.o-028-2024-Nomeacao-PIBIC-Carlos-Eduardo-Ascenso-DIREITO-FCP-2024-2<\/a><br><br><a href=\"https:\/\/fcpi.com.br\/portal\/wp-content\/uploads\/2024\/09\/PORTARIA-DA-FCP-N.o-027-2024-Nomeacao-Orientador-Monitoria-D.-Const.-III-DIREITO-FCP-2024-2-Danilo-Assinada.pdf\">PORTARIA-DA-FCP-N.o-027-2024-Nomeacao-Orientador-Monitoria-D.-Const.-III-DIREITO-FCP-2024-2<\/a><br><br><a href=\"https:\/\/fcpi.com.br\/portal\/wp-content\/uploads\/2024\/09\/PORTARIA-DA-FCP-N.o-026-2024-Nomeacao-Orientadora-Monitoria-D.-Adm.-II-DIREITO-FCP-2024-2-Carmen-Assinada.pdf\">PORTARIA-DA-FCP-N.o-026-2024-Nomeacao-Orientadora-Monitoria-D.-Adm.-II-DIREITO-FCP-2024-2<\/a><br><br><a href=\"https:\/\/fcpi.com.br\/portal\/wp-content\/uploads\/2024\/09\/PORTARIA-DA-FCP-N.o-025-2024-Nomeacao-Monitor-Helanio-D.-Const.-III-DIREITO-FCP-2024-2-Assinada.pdf\">PORTARIA-DA-FCP-N.o-025-2024-Nomeacao-Monitor-Helanio-D.-Const.-III-DIREITO-FCP-2024-2<\/a><br><br><a href=\"https:\/\/fcpi.com.br\/portal\/wp-content\/uploads\/2024\/09\/PORTARIA-DA-FCP-N.o-024-2024-Nomeacao-Monitor-Mauricio-D.-Adm.-II-DIREITO-FCP-2024-2-Assinada.pdf\">PORTARIA-DA-FCP-N.o-024-2024-Nomeacao-Monitor-Mauricio-D.-Adm.-II-DIREITO-FCP-2024-2<\/a><\/p>\n\n\n\n<p><strong><a href=\"https:\/\/fcpi.com.br\/portal\/wp-content\/uploads\/2024\/08\/PORTARIA-DG-FCP-n.o-019-2024-Nomeacao-Membros-CEPEX.pdf\">PORTARIA-DG-FCP n.\u00ba 019-2024 &#8211; Nomea\u00e7\u00e3o Membros CEPEX<\/a><\/strong><\/p>\n\n\n\n<p><strong><a href=\"https:\/\/fcpi.com.br\/portal\/wp-content\/uploads\/2024\/08\/PORTARIA-DG-FCP-N.o-014-2024-COMPOSICAO-DA-COMISSAO-EXAMINADORA-SELECAO-DOCENTES-DIREITO-FCP-2024-2.pdf\">PORTARIA-DG-FCP N.\u00ba 014-2024 &#8211; COMPOSI\u00c7\u00c3O DA COMISS\u00c3O EXAMIN\u2026<\/a><\/strong><\/p>\n\n\n\n<p><strong><a href=\"https:\/\/fcpi.com.br\/portal\/wp-content\/uploads\/2024\/08\/PORTARIA-DG-FCP-N.o-013-2024-RESULTADO-Regime-Excepcional-DIREITO-FCP-2024.1-Isabel-Cristina-Morais-da-Silva.pdf\">PORTARIA-DG-FCP-N.o-013-2024-RESULTADO-Regime-Excepcional-DI\u2026<\/a><\/strong><\/p>\n\n\n\n<p><strong><a href=\"https:\/\/fcpi.com.br\/portal\/wp-content\/uploads\/2024\/08\/PORTARIA-DG-FCP-N.o-012-2024-RESULTADO-Regime-Excepcional-DIREITO-FCP-2024.1-Marionaria-das-Santos-Silva.pdf\">PORTARIA-DG-FCP-N.o-012-2024-RESULTADO-Regime-Excepcional-DI\u2026<\/a><\/strong><\/p>\n\n\n\n<p><strong><a href=\"https:\/\/fcpi.com.br\/portal\/wp-content\/uploads\/2024\/08\/PORTARIA-DG-FCP-N.o-011-2024-RESULTADO-Regime-Excepcional-DIREITO-FCP-2024.1-Ludimila-Araujo-do-O.pdf\">PORTARIA-DG-FCP-N.o-011-2024-RESULTADO-Regime-Excepcional-DI\u2026<\/a><\/strong><\/p>\n\n\n\n<p><strong><a href=\"https:\/\/fcpi.com.br\/portal\/wp-content\/uploads\/2024\/08\/PORTARIA-DG-FCP-N.o-010-2024-RESULTADO-Regime-Excepcional-DIREITO-FCP-2024.1-Marionaria-das-Santos-Silva.pdf\">PORTARIA-DG-FCP-N.o-010-2024-RESULTADO-Regime-Excepcional-DI\u2026<\/a><\/strong><\/p>\n\n\n\n<p><strong><a href=\"https:\/\/fcpi.com.br\/portal\/wp-content\/uploads\/2024\/08\/PORTARIA-DG-FCP-N.o-009-2024-RESULTADO-Regime-Excepcional-DIREITO-FCP-2024.1-Nicelia-Alves-Lima.pdf\">PORTARIA-DG-FCP-N.o-009-2024-RESULTADO-Regime-Excepcional-DI\u2026<\/a><\/strong><\/p>\n\n\n\n<p><strong><a href=\"https:\/\/fcpi.com.br\/portal\/wp-content\/uploads\/2024\/08\/PORTARIA-DG-FCP-n.o-008-2024-Nomeacao-Membros-do-CONSU.pdf\">PORTARIA-DG-FCP n.\u00ba 008-2024- Nomea\u00e7\u00e3o Membros do CONSU<\/a><\/strong><\/p>\n\n\n\n<p><strong><a href=\"https:\/\/fcpi.com.br\/portal\/wp-content\/uploads\/2024\/08\/PORTARIA-DG-FCP-n.o-007-2024-Nomeacao-Membros-C.-P.-A.-FCP-Professor-Antonio-Carlos-presidente.pdf\">PORTARIA-DG-FCP n.\u00ba 007-2024- Nomea\u00e7\u00e3o Membros C. P. A.<\/a><\/strong><\/p>\n\n\n\n<p><strong><a href=\"https:\/\/fcpi.com.br\/portal\/wp-content\/uploads\/2024\/08\/PORTARIA-DG-FCP-n.o-006-2024-Nomeacao-Membros-CEPEX.pdf\">PORTARIA-DG-FCP n.\u00ba 006-2024 &#8211; Nomea\u00e7\u00e3o Membros CEPEX<\/a><\/strong><br><\/p>\n\n\n\n<p><a href=\"https:\/\/fcpi.com.br\/portal\/wp-content\/uploads\/2024\/08\/PORTARIA-DG-FCP-N.o-018-2024-RESULTADO-FINAL-SELECAO-DOCENTE-DIREITO-FCP-2024-2.pdf\">PORTARIA-DG-FCP-N.o-018-2024-RESULTADO-FINAL-SELECAO-DOCENTE-DIREITO-FCP-2024-2<\/a><\/p>\n\n\n\n<p><a href=\"https:\/\/fcpi.com.br\/portal\/wp-content\/uploads\/2024\/08\/PORTARIA-DG-FCP-N.o-017-2024-RESULTADO-PROVA-DIDATICA-E-ENTREVISTA-SELECAO-DOCENTE-DIREITO-FCP-2024-2.pdf\" target=\"_blank\" rel=\"noreferrer noopener\">PORTARIA-DG-FCP-N.o-017-2024-RESULTADO-PROVA-DIDATICA-E-ENTREVISTA-SELECAO-DOCENTE-DIREITO-FCP-2024-2<\/a><\/p>\n\n\n\n<p><a href=\"https:\/\/fcpi.com.br\/portal\/wp-content\/uploads\/2024\/07\/PORTARIA-DG-FCP-N.o-016-2024-RESULTADO-ANALISE-CURRICULAR-SELECAO-DOCENTE-DIREITO-FCP-2024-2-1.pdf\">PORTARIA-DG-FCP-N.o-016-2024-RESULTADO-ANALISE-CURRICULAR-SELECAO-DOCENTE-DIREITO-FCP-2024-2<\/a><\/p>\n\n\n\n<p><a href=\"https:\/\/fcpi.com.br\/portal\/wp-content\/uploads\/2024\/07\/PORTARIA-DG-FCP-N.o-015-2024-RESULTADO-INSCRICOES-DEFERIDAS-SELECAO-DOCENTE-DIREITO-FCP-2024-2-1-1.pdf\">PORTARIA-DG-FCP N.\u00ba 015-2024 &#8211; RESULTADO &#8211; INSCRI\u00c7\u00d5ES DEFERIDAS &#8211; SELE\u00c7\u00c3O &#8211; DOCENTE &#8211; DIREITO &#8211; FCP &#8211; 2024-2<\/a><\/p>\n\n\n\n<p><a href=\"https:\/\/fcpi.com.br\/portal\/wp-content\/uploads\/2024\/03\/PORTARIA-DG-FCP-N.o-005-2024-Nomeacao-Membros-do-Colegiado-do-Curso.pdf\">PORTARIA-DG-FCP N.\u00ba 005-2024 (Nomea\u00e7\u00e3o &#8211; Membros do Colegiado do Curso)<\/a><br><a href=\"https:\/\/fcpi.com.br\/portal\/wp-content\/uploads\/2024\/03\/PORTARIA-DA-FCP-N.o-005-2024-RESULTADO-Dispensa-de-disciplina-DIREITO-FCP-2024-1-Ass.pdf\">PORTARIA-DA-FCP N.\u00ba 005-2024 &#8211; RESULTADO &#8211; Dispensa de disciplina &#8211; DIREITO &#8211; FCP &#8211; 2024-1<\/a><br><a href=\"https:\/\/fcpi.com.br\/portal\/portaria-da-fcp-n-o-004-2024-academicos-aptos-a-colacao-de-grau-direito-fcp-turma-2023-2-assinada\/\">PORTARIA-DA-FCP N.\u00ba 004-2024 &#8211; ACAD\u00caMICOS APTOS \u00c0 COLA\u00c7\u00c3O DE GRAU &#8211; DIREITO &#8211; FCP &#8211; TURMA 2023-2<\/a><br><a href=\"https:\/\/fcpi.com.br\/portal\/wp-content\/uploads\/2024\/03\/PORTARIA-DG-FCP-N.o-003-2024-Nomeacao-Coordenadora-do-NPPE-FCP-1.pdf\">PORTARIA-DG-FCP-N.o-003-2024-Nomeacao-Coordenadora-do-NPPE-FCP<\/a><br><a href=\"https:\/\/fcpi.com.br\/portal\/wp-content\/uploads\/2024\/03\/PORTARIA-DG-FCP-N.o-002-2024-Nomeacao-Coordenador-do-Curso-de-Bacharelado-em-Direito-FCP.pdf\">PORTARIA-DG-FCP-N.o-002-2024-Nomeacao-Coordenador-do-Curso-de-Bacharelado-em-Direito-FCP<\/a><br><a href=\"https:\/\/fcpi.com.br\/portal\/wp-content\/uploads\/2024\/03\/PORTARIA-DG-FCP-N.o-001-2024-Nomeacao-Diretor-Academico.pdf\">PORTARIA-DG-FCP N.\u00ba 001-2024 (Nomea\u00e7\u00e3o &#8211; Diretor Acad\u00eamico)<\/a><br><a href=\"https:\/\/fcpi.com.br\/portal\/wp-content\/uploads\/2024\/03\/PORTARIA-GP-SESSPI-N.o-001-2024_.pdf\">PORTARIA-GP-SESSPI N.\u00ba 001-2024<\/a><strong><a href=\"https:\/\/fcpi.com.br\/portal\/wp-content\/uploads\/2024\/02\/PORTARIA-DG-FCP-N.o-004-2024-Resultado-Processo-Seletivo-FCP-2024-1.pdf\">PORTARIA-DG-FCP N.\u00ba 004-2024- Resultado Processo Seletivo&nbsp;<\/a><\/strong><\/p>\n\n\n\n<p><a href=\"https:\/\/fcpi.com.br\/portal\/wp-content\/uploads\/2023\/12\/PORTARIA-DA-FCP-N.o-043-2023-Atividades-Complementares-DIREITO-FCP-2023-2-Assinada.pdf\" data-type=\"link\" data-id=\"https:\/\/fcpi.com.br\/portal\/wp-content\/uploads\/2023\/12\/PORTARIA-DA-FCP-N.o-043-2023-Atividades-Complementares-DIREITO-FCP-2023-2-Assinada.pdf\">PORTARIA-DA-FCP N.\u00ba 043-2023 &#8211; Atividades Complementares &#8211; DIREITO &#8211; FCP &#8211; 2023-2<\/a><\/p>\n\n\n\n<p><a href=\"https:\/\/fcpi.com.br\/portal\/wp-content\/uploads\/2023\/09\/PORTARIA-DA-FCP-N.o-038-2023-Nomeacao-Orientador-PIBIC-DIREITO-FCP-2023-2-Francisco-Atualpa-Assinada.pdf\" data-type=\"link\" data-id=\"https:\/\/fcpi.com.br\/portal\/wp-content\/uploads\/2023\/09\/PORTARIA-DA-FCP-N.o-038-2023-Nomeacao-Orientador-PIBIC-DIREITO-FCP-2023-2-Francisco-Atualpa-Assinada.pdf\">PORTARIA-DA-FCP N.\u00ba 038-2023 &#8211; Nomea\u00e7\u00e3o &#8211; Orientador &#8211; PIBIC &#8211; DIREITO &#8211; FCP &#8211; 2023-2 (Francisco Atualpa) <\/a><\/p>\n\n\n\n<p><a href=\"https:\/\/fcpi.com.br\/portal\/wp-content\/uploads\/2023\/09\/PORTARIA-DA-FCP-N.o-037-2023-Nomeacao-Orientador-PIBIC-DIREITO-FCP-2023-2-Francisco-Atualpa-Assinada.pdf\" data-type=\"link\" data-id=\"https:\/\/fcpi.com.br\/portal\/wp-content\/uploads\/2023\/09\/PORTARIA-DA-FCP-N.o-037-2023-Nomeacao-Orientador-PIBIC-DIREITO-FCP-2023-2-Francisco-Atualpa-Assinada.pdf\">PORTARIA-DA-FCP N.\u00ba 037-2023 &#8211; Nomea\u00e7\u00e3o &#8211; Orientador &#8211; PIBIC &#8211; DIREITO &#8211; FCP &#8211; 2023-2 (Francisco Atualpa) <\/a><\/p>\n\n\n\n<p><a href=\"https:\/\/fcpi.com.br\/portal\/wp-content\/uploads\/2023\/09\/PORTARIA-DA-FCP-N.o-036-2023-Nomeacao-Orientador-PIBIC-DIREITO-FCP-2023-2-Francisco-Atualpa-Assinada.pdf\" data-type=\"link\" data-id=\"https:\/\/fcpi.com.br\/portal\/wp-content\/uploads\/2023\/09\/PORTARIA-DA-FCP-N.o-036-2023-Nomeacao-Orientador-PIBIC-DIREITO-FCP-2023-2-Francisco-Atualpa-Assinada.pdf\">PORTARIA-DA-FCP N.\u00ba 036-2023 &#8211; Nomea\u00e7\u00e3o &#8211; Orientador &#8211; PIBIC &#8211; DIREITO &#8211; FCP &#8211; 2023-2 (Francisco Atualpa) <\/a><\/p>\n\n\n\n<p><a href=\"https:\/\/fcpi.com.br\/portal\/wp-content\/uploads\/2023\/09\/PORTARIA-DA-FCP-N.o-035-2023-Nomeacao-PIBIC-Koala-Lorrane-DIREITO-FCP-2023-2-Assinada.pdf\" data-type=\"link\" data-id=\"https:\/\/fcpi.com.br\/portal\/wp-content\/uploads\/2023\/09\/PORTARIA-DA-FCP-N.o-035-2023-Nomeacao-PIBIC-Koala-Lorrane-DIREITO-FCP-2023-2-Assinada.pdf\">PORTARIA-DA-FCP N.\u00ba 035-2023 &#8211; Nomea\u00e7\u00e3o &#8211; PIBIC &#8211; Koala Lorrane &#8211; DIREITO &#8211; FCP &#8211; 2023-2<\/a><\/p>\n\n\n\n<p><a href=\"https:\/\/fcpi.com.br\/portal\/wp-content\/uploads\/2023\/09\/PORTARIA-DA-FCP-N.o-034-2023-Nomeacao-PIBIC-Carlos-Eduardo-Ascenso-DIREITO-FCP-2023-2-Assinada.pdf\" data-type=\"link\" data-id=\"https:\/\/fcpi.com.br\/portal\/wp-content\/uploads\/2023\/09\/PORTARIA-DA-FCP-N.o-034-2023-Nomeacao-PIBIC-Carlos-Eduardo-Ascenso-DIREITO-FCP-2023-2-Assinada.pdf\">PORTARIA-DA-FCP N.\u00ba 034-2023 &#8211; Nomea\u00e7\u00e3o &#8211; PIBIC &#8211; Carlos Eduardo Ascenso &#8211; DIREITO &#8211; FCP &#8211; 2023-2 <\/a><\/p>\n\n\n\n<p><a href=\"https:\/\/fcpi.com.br\/portal\/wp-content\/uploads\/2023\/09\/PORTARIA-DA-FCP-N.o-033-2023-Nomeacao-PIBIC-Anne-Karoline-DIREITO-FCP-2023-2-Assinada.pdf\" data-type=\"link\" data-id=\"https:\/\/fcpi.com.br\/portal\/wp-content\/uploads\/2023\/09\/PORTARIA-DA-FCP-N.o-033-2023-Nomeacao-PIBIC-Anne-Karoline-DIREITO-FCP-2023-2-Assinada.pdf\">PORTARIA-DA-FCP N.\u00ba 033-2023 &#8211; Nomea\u00e7\u00e3o &#8211; PIBIC &#8211; Anne Karoline &#8211; DIREITO &#8211; FCP &#8211; 2023-2<\/a><\/p>\n\n\n\n<p><a href=\"https:\/\/fcpi.com.br\/portal\/wp-content\/uploads\/2023\/09\/PORTARIA-DA-FCP-N.o-032-2023-Nomeacao-Professor-Monitoria-D.-Const.-I-DIREITO-FCP-2023-2-Matheus-Assinada.pdf\" data-type=\"link\" data-id=\"https:\/\/fcpi.com.br\/portal\/wp-content\/uploads\/2023\/09\/PORTARIA-DA-FCP-N.o-032-2023-Nomeacao-Professor-Monitoria-D.-Const.-I-DIREITO-FCP-2023-2-Matheus-Assinada.pdf\">PORTARIA-DA-FCP N.\u00ba 032-2023 &#8211; Nomea\u00e7\u00e3o &#8211; Professor &#8211; Monitoria &#8211; D. Const. I &#8211; DIREITO &#8211; FCP &#8211; 2023-2 (Matheus) <\/a><\/p>\n\n\n\n<p><a href=\"https:\/\/fcpi.com.br\/portal\/wp-content\/uploads\/2023\/09\/PORTARIA-DA-FCP-N.o-031-2023-Nomeacao-Professor-Monitoria-Hist.-Direito-DIREITO-FCP-2023-2-Antonio-Carlos-Assinada.pdf\" data-type=\"link\" data-id=\"https:\/\/fcpi.com.br\/portal\/wp-content\/uploads\/2023\/09\/PORTARIA-DA-FCP-N.o-031-2023-Nomeacao-Professor-Monitoria-Hist.-Direito-DIREITO-FCP-2023-2-Antonio-Carlos-Assinada.pdf\">PORTARIA-DA-FCP N.\u00ba 031-2023 &#8211; Nomea\u00e7\u00e3o &#8211; Professor &#8211; Monitoria &#8211; Hist. Direito &#8211; DIREITO &#8211; FCP &#8211; 2023-2 (Ant\u00f4nio Carlos) <\/a><\/p>\n\n\n\n<p><a href=\"https:\/\/fcpi.com.br\/portal\/wp-content\/uploads\/2023\/09\/PORTARIA-DA-FCP-N.o-030-2023-Nomeacao-Professor-Monitoria-D.-Penal-II-DIREITO-FCP-2023-2-Avelino-Assinada.pdf\" data-type=\"link\" data-id=\"https:\/\/fcpi.com.br\/portal\/wp-content\/uploads\/2023\/09\/PORTARIA-DA-FCP-N.o-030-2023-Nomeacao-Professor-Monitoria-D.-Penal-II-DIREITO-FCP-2023-2-Avelino-Assinada.pdf\">PORTARIA-DA-FCP N.\u00ba 030-2023 &#8211; Nomea\u00e7\u00e3o &#8211; Professor &#8211; Monitoria &#8211; D. Penal II &#8211; DIREITO &#8211; FCP &#8211; 2023-2 (Avelino) <\/a><\/p>\n\n\n\n<p><a href=\"https:\/\/fcpi.com.br\/portal\/wp-content\/uploads\/2023\/09\/PORTARIA-DA-FCP-N.o-029-2023-Nomeacao-Professor-Monitoria-D.-Proc.-Civil-I-DIREITO-FCP-2023-2-Antonio-Carlos-Assinada.pdf\" data-type=\"link\" data-id=\"https:\/\/fcpi.com.br\/portal\/wp-content\/uploads\/2023\/09\/PORTARIA-DA-FCP-N.o-029-2023-Nomeacao-Professor-Monitoria-D.-Proc.-Civil-I-DIREITO-FCP-2023-2-Antonio-Carlos-Assinada.pdf\">PORTARIA-DA-FCP N.\u00ba 029-2023 &#8211; Nomea\u00e7\u00e3o &#8211; Professor &#8211; Monitoria &#8211; D. Proc. Civil I &#8211; DIREITO &#8211; FCP &#8211; 2023-2 (Ant\u00f4nio Carlos) <\/a><\/p>\n\n\n\n<p><a href=\"https:\/\/fcpi.com.br\/portal\/wp-content\/uploads\/2023\/09\/PORTARIA-DA-FCP-N.o-028-2023-Nomeacao-Professor-Monitoria-D.-Const.-III-DIREITO-FCP-2023-2-Danilo-Assinada.pdf\" data-type=\"link\" data-id=\"https:\/\/fcpi.com.br\/portal\/wp-content\/uploads\/2023\/09\/PORTARIA-DA-FCP-N.o-028-2023-Nomeacao-Professor-Monitoria-D.-Const.-III-DIREITO-FCP-2023-2-Danilo-Assinada.pdf\">PORTARIA-DA-FCP N.\u00ba 028-2023 &#8211; Nomea\u00e7\u00e3o &#8211; Professor &#8211; Monitoria &#8211; D. Const. III &#8211; DIREITO &#8211; FCP &#8211; 2023-2 (Danilo) <\/a><\/p>\n\n\n\n<p><a href=\"https:\/\/fcpi.com.br\/portal\/wp-content\/uploads\/2023\/09\/PORTARIA-DA-FCP-N.o-027-2023-Nomeacao-Monitora-Nagila-D.-Const.-I-DIREITO-FCP-2023-2-Assinada.pdf\" data-type=\"link\" data-id=\"https:\/\/fcpi.com.br\/portal\/wp-content\/uploads\/2023\/09\/PORTARIA-DA-FCP-N.o-027-2023-Nomeacao-Monitora-Nagila-D.-Const.-I-DIREITO-FCP-2023-2-Assinada.pdf\">PORTARIA-DA-FCP N.\u00ba 027-2023 &#8211; Nomea\u00e7\u00e3o &#8211; Monitora &#8211; N\u00e1gila &#8211; D. Const. I &#8211; DIREITO &#8211; FCP &#8211; 2023-2 <\/a><\/p>\n\n\n\n<p><a href=\"https:\/\/fcpi.com.br\/portal\/wp-content\/uploads\/2023\/09\/PORTARIA-DA-FCP-N.o-026-2023-Nomeacao-Monitora-Emilly-Hist.-Direito-DIREITO-FCP-2023-2-Assinada.pdf\" data-type=\"link\" data-id=\"https:\/\/fcpi.com.br\/portal\/wp-content\/uploads\/2023\/09\/PORTARIA-DA-FCP-N.o-026-2023-Nomeacao-Monitora-Emilly-Hist.-Direito-DIREITO-FCP-2023-2-Assinada.pdf\">PORTARIA-DA-FCP N.\u00ba 026-2023 &#8211; Nomea\u00e7\u00e3o &#8211; Monitora &#8211; Emilly &#8211; Hist. Direito &#8211; DIREITO &#8211; FCP &#8211; 2023-2 <\/a><\/p>\n\n\n\n<p><a href=\"https:\/\/fcpi.com.br\/portal\/wp-content\/uploads\/2023\/09\/PORTARIA-DA-FCP-N.o-025-2023-Nomeacao-Monitora-Cicera-D.-Penal-II-DIREITO-FCP-2023-2-Assinada.pdf\" data-type=\"link\" data-id=\"https:\/\/fcpi.com.br\/portal\/wp-content\/uploads\/2023\/09\/PORTARIA-DA-FCP-N.o-025-2023-Nomeacao-Monitora-Cicera-D.-Penal-II-DIREITO-FCP-2023-2-Assinada.pdf\">PORTARIA-DA-FCP N.\u00ba 025-2023 &#8211; Nomea\u00e7\u00e3o &#8211; Monitora &#8211; C\u00edcera &#8211; D. Penal II &#8211; DIREITO &#8211; FCP &#8211; 2023-2 <\/a><\/p>\n\n\n\n<p><a href=\"https:\/\/fcpi.com.br\/portal\/wp-content\/uploads\/2023\/09\/PORTARIA-DA-FCP-N.o-023-2023-Nomeacao-Monitor-Adonias-Joaquim-D.-Const.-III-DIREITO-FCP-2023-2-Assinada.pdf\" data-type=\"link\" data-id=\"https:\/\/fcpi.com.br\/portal\/wp-content\/uploads\/2023\/09\/PORTARIA-DA-FCP-N.o-023-2023-Nomeacao-Monitor-Adonias-Joaquim-D.-Const.-III-DIREITO-FCP-2023-2-Assinada.pdf\">PORTARIA-DA-FCP N.\u00ba 023-2023 &#8211; Nomea\u00e7\u00e3o &#8211; Monitor &#8211; Adonias Joaquim &#8211; D. Const. III &#8211; DIREITO &#8211; FCP &#8211; 2023-2 <\/a><\/p>\n\n\n\n<p><a href=\"https:\/\/fcpi.com.br\/portal\/wp-content\/uploads\/2023\/09\/Portaria-CDD-no-001.2023-Datas-das-Defesas-Publicas-do-TCC-2023.2.pdf\" data-type=\"link\" data-id=\"https:\/\/fcpi.com.br\/portal\/wp-content\/uploads\/2023\/09\/Portaria-CDD-no-001.2023-Datas-das-Defesas-Publicas-do-TCC-2023.2.pdf\">Portaria CDD n\u00ba 001.2023 &#8211; Datas das Defesas P\u00fablicas do TCC 2023.2<\/a><\/p>\n\n\n\n<p><a rel=\"noreferrer noopener\" href=\"https:\/\/fcpi.com.br\/portal\/wp-content\/uploads\/2023\/09\/PORTARIA-DA-FCP-N.o-022-2023-RESULTADO-Dispensa-de-disciplina-DIREITO-FCP-2023-2-Assin.pdf\" target=\"_blank\">PORTARIA-DA-FCP N.\u00ba 022-2023 &#8211; RESULTADO &#8211; Dispensa de disciplina &#8211; DIREITO &#8211; FCP &#8211; 2023-2<\/a> <\/p>\n\n\n\n<p><a href=\"https:\/\/fcpi.com.br\/portal\/wp-content\/uploads\/2023\/07\/PORTARIA-DA-FCP-N.o-021-2023-COMPOSICAO-DA-COMISSAO-EXAMINADORA-SELECAO-DOCENTES-DIREITO-FCP-2023.2-Assinada.pdf\" target=\"_blank\" rel=\"noreferrer noopener\">PORTARIA-DA-FCP N.\u00ba 021-2023 &#8211; COMPOSI\u00c7\u00c3O DA COMISS\u00c3O EXAMINADORA &#8211; SELE\u00c7\u00c3O &#8211; DOCENTES &#8211; DIREITO &#8211; FCP &#8211; 2023.2<\/a><\/p>\n\n\n\n<p><a href=\"https:\/\/fcpi.com.br\/portal\/wp-content\/uploads\/2023\/05\/PORTARIA-DA-FCP-N.o-019-2023-RESULTADO-Justificativa-de-Faltas-DIREITO-FCP-2023-1-Assinada.pdf\" target=\"_blank\" rel=\"noreferrer noopener\">PORTARIA-DA-FCP N.\u00ba 019-2023 &#8211; RESULTADO &#8211; Justificativa de Faltas &#8211; DIREITO &#8211; FCP &#8211; 2023-1<\/a><\/p>\n\n\n\n<p><a href=\"https:\/\/fcpi.com.br\/portal\/wp-content\/uploads\/2023\/05\/PORTARIA-DA-FCP-N.o-018-2023-Desligamento-Monitora-Kettely-D.-Empr.-I-DIREITO-FCP-2023-1-Assinada.pdf\" target=\"_blank\" rel=\"noreferrer noopener\">PORTARIA-DA-FCP N.\u00ba 018-2023 &#8211; Desligamento &#8211; Monitora &#8211; Kettely &#8211; D. Empr. I &#8211; DIREITO &#8211; FCP &#8211; 2023-<\/a><\/p>\n\n\n\n<p><a href=\"https:\/\/fcpi.com.br\/portal\/wp-content\/uploads\/2023\/03\/Portaria-14-Membros-do-Conselho.pdf\" target=\"_blank\" rel=\"noreferrer noopener\">Portaria 14 &#8211; Membros do Conselho<\/a><\/p>\n\n\n\n<p><a href=\"https:\/\/fcpi.com.br\/portal\/wp-content\/uploads\/2023\/03\/PORTARIA-DA-FCP-N.o-013-2023-Nomeacao-Professor-Monitoria-D.-Empr.-I-DIREITO-FCP-2023-1-Valdenor-Assinada.pdf\">PORTARIA-DA-FCP N.\u00ba 013-2023 &#8211; Nomea\u00e7\u00e3o &#8211; Professor &#8211; Monitoria &#8211; D. Empr. I &#8211; DIREITO &#8211; FCP &#8211; 2023-1&nbsp;<\/a><\/p>\n\n\n\n<p><a href=\"https:\/\/fcpi.com.br\/portal\/wp-content\/uploads\/2023\/03\/PORTARIA-DA-FCP-N.o-012-2023-Nomeacao-Professor-Monitoria-D.-Penal-I-DIREITO-FCP-2023-1-Danilo-Leoni-Assinada.pdf\">PORTARIA-DA-FCP N.\u00ba 012-2023 &#8211; Nomea\u00e7\u00e3o &#8211; Professor &#8211; Monitoria &#8211; D. Penal I &#8211; DIREITO &#8211; FCP &#8211; 2023-1&nbsp;<\/a><\/p>\n\n\n\n<p><a href=\"https:\/\/fcpi.com.br\/portal\/wp-content\/uploads\/2023\/03\/PORTARIA-DA-FCP-N.o-011-2023-Nomeacao-Monitora-Kettely-D.-Empr.-I-DIREITO-FCP-2023-1-Assinada.pdf\">PORTARIA-DA-FCP N.\u00ba 011-2023 &#8211; Nomea\u00e7\u00e3o &#8211; Monitora &#8211; Kettely &#8211; D. Empr. I &#8211; DIREITO &#8211; FCP &#8211; 2023-1&nbsp;<\/a><\/p>\n\n\n\n<p><a href=\"https:\/\/fcpi.com.br\/portal\/wp-content\/uploads\/2023\/03\/PORTARIA-DA-FCP-N.o-010-2023-Nomeacao-Monitor-Cainan-D.-Penal-I-DIREITO-FCP-2023-1-Assinada.pdf\">PORTARIA-DA-FCP N.\u00ba 010-2023 &#8211; Nomea\u00e7\u00e3o &#8211; Monitor &#8211; Cainan &#8211; D. Penal I &#8211; DIREITO &#8211; FCP &#8211; 2023-1<\/a><\/p>\n\n\n\n<p><a href=\"https:\/\/fcpi.com.br\/portal\/wp-content\/uploads\/2023\/03\/PORTARIA-DA-FCP-N.o-009-2023-RESULTADO-Justificativa-de-Faltas-DIREITO-FCP-2023-1-Assinada.pdf\">PORTARIA-DA-FCP N.\u00ba 009-2023 &#8211; RESULTADO &#8211; Justificativa de Faltas &#8211; DIREITO &#8211; FCP &#8211; 2023-1&nbsp;<\/a><\/p>\n\n\n\n<p><a href=\"https:\/\/fcpi.com.br\/portal\/wp-content\/uploads\/2023\/03\/PORTARIA-DG-FCP-N.o-006-2023-RESULTADO-Regime-Excepcional-DIREITO-FCP-2023.1.pdf\">PORTARIA-DG-FCP N.\u00ba 006-2023 &#8211; RESULTADO &#8211; Regime Excepcional &#8211; DIREITO &#8211; FCP &#8211; 2023.1<\/a><\/p>\n\n\n\n<p><a href=\"https:\/\/fcpi.com.br\/portal\/wp-content\/uploads\/2023\/03\/PORTARIA-DG-FCP-N.o-005-2023-RESULTADO-Regime-Excepcional-DIREITO-FCP-2023.1.pdf\">PORTARIA-DG-FCP N.\u00ba 005-2023 &#8211; RESULTADO &#8211; Regime Excepcional &#8211; DIREITO &#8211; FCP &#8211; 2023.1<\/a><\/p>\n\n\n\n<p><a href=\"https:\/\/fcpi.com.br\/portal\/wp-content\/uploads\/2023\/03\/PORTARIA-DG-FCP-N.o-004-2023-RESULTADO-Regime-Excepcional-DIREITO-FCP-2023.1.pdf\">PORTARIA-DG-FCP N.\u00ba 004-2023 &#8211; RESULTADO &#8211; Regime Excepcional &#8211; DIREITO &#8211; FCP &#8211; 2023.1<\/a><\/p>\n\n\n\n<p><a href=\"https:\/\/fcpi.com.br\/portal\/wp-content\/uploads\/2023\/03\/PORTARIA-DG-FCP-n.o-003-2023-Nomeacao-Membros-CEPEX.pdf\">PORTARIA-DG-FCP n.\u00ba 003-2023 &#8211; Nomea\u00e7\u00e3o Membros CEPEX<\/a><\/p>\n\n\n\n<p><a href=\"https:\/\/fcpi.com.br\/portal\/wp-content\/uploads\/2023\/03\/PORTARIA-DG-FCP-N.o-002-2023-RESULTADO-Regime-Excepcional-DIREITO-FCP-2023.1-ASSINADA.pdf\">PORTARIA-DG-FCP N.\u00ba 002-2023 &#8211; RESULTADO &#8211; Regime Excepcional &#8211; DIREITO &#8211; FCP &#8211; 2023.1&nbsp;<\/a><\/p>\n\n\n\n<p><a href=\"https:\/\/fcpi.com.br\/portal\/wp-content\/uploads\/2023\/02\/PORTARIA-DG-FCP-No.-001-2023-RESULTADO-DO-PROCESSO-SELETIVO-2023-1-1.pdf\">PORTARIA-DG-FCP-No.-001-2023-RESULTADO-DO-PROCESSO-SELETIVO-2023<\/a><\/p>\n\n\n\n<p><a href=\"https:\/\/fcpi.com.br\/portal\/wp-content\/uploads\/2023\/02\/PORTARIA-CD-No-001-da-FCP-DEPENDENCIAS-DIREITO-FCP-2022-3.pdf\">PORTARIA CD N\u00ba 001 da FCP &#8211; DEPEND\u00caNCIAS &#8211; DIREITO &#8211; FCP &#8211; 2022-3<\/a><\/p>\n\n\n\n<p><a href=\"https:\/\/fcpi.com.br\/portal\/wp-content\/uploads\/2023\/02\/PORTARIA-DA-FCP-N.o-002-2023-ACADEMICOS-SITUACAO-ACADEMICA-REGULAR-DIREITO-FCP-TURMA-2022-2-Assinada.pdf\">PORTARIA-DA-FCP N.\u00ba 002-2023 &#8211; ACAD\u00caMICOS &#8211; SITUA\u00c7\u00c3O ACAD\u00caMICA REGULAR &#8211; DIREITO &#8211; FCP &#8211; TURMA 2022-2<\/a><\/p>\n\n\n\n<p><a href=\"https:\/\/fcpi.com.br\/portal\/wp-content\/uploads\/2022\/12\/PORTARIA-DA-FCP-N.o-050-2022-RESULTADO-SANEAMENTO-ANEXOS-TCC-II-DIREITO-FCP-2022-2-Assinada.pdf\">PORTARIA-DA-FCP N.\u00ba 050-2022 &#8211; RESULTADO &#8211; SANEAMENTO &#8211; ANEXOS &#8211; TCC II &#8211; DIREITO &#8211; FCP &#8211; 2022-2&nbsp;<\/a><\/p>\n\n\n\n<p><a href=\"https:\/\/fcpi.com.br\/portal\/wp-content\/uploads\/2022\/12\/PORTARIA-DA-FCP-N.o-049-2022-Prorrogacao-Atividades-Complementares-DIREITO-FCP-2022-2-Assinada.pdf\">PORTARIA-DA-FCP N.\u00ba 049-2022 &#8211; Prorroga\u00e7\u00e3o &#8211; Atividades Complementares &#8211; DIREITO &#8211; FCP &#8211; 2022-2<\/a><\/p>\n\n\n\n<p><a href=\"https:\/\/fcpi.com.br\/portal\/wp-content\/uploads\/2022\/12\/PORTARIA-DA-FCP-N.o-048-2022-RESULTADO-TCCs-aptos-a-avaliacao-DIREITO-FCP-2022-2-Assinada.pdf\">PORTARIA-DA-FCP N.\u00ba 048-2022 &#8211; RESULTADO &#8211; TCC&#8217;s aptos \u00e0 avalia\u00e7\u00e3o &#8211; DIREITO &#8211; FCP &#8211; 2022-2<\/a><\/p>\n\n\n\n<p><a href=\"https:\/\/fcpi.com.br\/portal\/wp-content\/uploads\/2022\/12\/PORTARIA-DA-FCP-N.o-046-2022-RESULTADO-Justificativa-de-Faltas-DIREITO-FCP-2022-2-Ass..pdf\">PORTARIA-DA-FCP N.\u00ba 047-2022 &#8211; RESULTADO &#8211; Regime Excepcional &#8211; DIREITO &#8211; FCP &#8211; 2022-2&nbsp;<\/a><\/p>\n\n\n\n<p><a href=\"https:\/\/fcpi.com.br\/portal\/wp-content\/uploads\/2022\/12\/PORTARIA-DA-FCP-N.o-046-2022-RESULTADO-Justificativa-de-Faltas-DIREITO-FCP-2022-2-Ass..pdf\">PORTARIA-DA-FCP N.\u00ba 046-2022 &#8211; RESULTADO &#8211; Justificativa de Faltas &#8211; DIREITO &#8211; FCP &#8211; 2022-2&nbsp;<\/a><\/p>\n\n\n\n<p><a href=\"https:\/\/fcpi.com.br\/portal\/wp-content\/uploads\/2022\/12\/PORTARIA-DA-FCP-N.o-045-2022-RESULTADO-Regime-Excepcional-DIREITO-FCP-2022-2-Ass..pdf\">PORTARIA-DA-FCP N.\u00ba 045-2022 &#8211; RESULTADO &#8211; Regime Excepcional &#8211; DIREITO &#8211; FCP &#8211; 2022-2&nbsp;<\/a><\/p>\n\n\n\n<p><a href=\"https:\/\/fcpi.com.br\/portal\/wp-content\/uploads\/2022\/11\/PORTARIA-CD-No-012-da-FCP-ORDEM-DE-APRESENTACAO-SEMINARIO-INTEGRADOR-DIREITO-FCP-2022-2.pdf\">PORTARIA CD N\u00ba 012 da FCP- ORDEM DE APRESENTA\u00c7\u00c3O &#8211; SEMIN\u00c1RIO INTEGRADOR &#8211; DIREITO &#8211; FCP &#8211; 2022-2<\/a><\/p>\n\n\n\n<p><a href=\"https:\/\/fcpi.com.br\/portal\/wp-content\/uploads\/2022\/11\/PORTARIA-DA-FCP-N.o-044-2022-Desligamento-Monitora-Kettely-D.-Empr.-II-DIREITO-FCP-2022-2-Assinada.pdf\" target=\"_blank\" rel=\"noopener\">PORTARIA-DA-FCP N.\u00ba 044-2022 &#8211; Desligamento &#8211; Monitora &#8211; Kettely &#8211; D. Empr. II &#8211; DIREITO &#8211; FCP &#8211; 2022-2<\/a><\/p>\n\n\n\n<p>P<a href=\"https:\/\/fcpi.com.br\/portal\/wp-content\/uploads\/2022\/11\/PORTARIA-DA-FCP-N.o-043-2022-RESULTADO-Regime-Excepcional-DIREITO-FCP-2022-2-Assinada.pdf\">ORTARIA-DA-FCP N.\u00ba 043-2022 &#8211; RESULTADO &#8211; Regime Excepcional &#8211; DIREITO &#8211; FCP &#8211; 2022-2&nbsp;<\/a><\/p>\n\n\n\n<p><a href=\"https:\/\/fcpi.com.br\/portal\/wp-content\/uploads\/2022\/11\/PORTARIA-DA-FCP-N.o-042-2022-RESULTADO-PROVAS-DE-2.a-CHAMADA-2.a-AVALIACAO-2022-2-Assinada.pdf\">PORTARIA-DA-FCP N.\u00ba 042-2022 &#8211; RESULTADO &#8211; PROVAS DE 2.\u00aa CHAMADA &#8211; 2.\u00aa AVALIA\u00c7\u00c3O &#8211; 2022-2<\/a><\/p>\n\n\n\n<p><a href=\"https:\/\/fcpi.com.br\/portal\/wp-content\/uploads\/2022\/10\/PORTARIA-DA-FCP-N.o-041-2022-RESULTADO-Regime-Excepcional-DIREITO-FCP-2022-2-Assinada.pdf\" target=\"_blank\" rel=\"noopener\">PORTARIA-DA-FCP N.\u00ba 041-2022 &#8211; RESULTADO &#8211; Regime Excepcional &#8211; DIREITO &#8211; FCP &#8211; 2022-2<\/a><\/p>\n\n\n\n<p><a href=\"https:\/\/fcpi.com.br\/portal\/wp-content\/uploads\/2022\/10\/PORTARIA-DA-FCP-N.o-040-2022-RESULTADO-Regime-Excepcional-DIREITO-FCP-2022-2-Assinada.pdf\">PORTARIA-DA-FCP N.\u00ba 040-2022 &#8211; RESULTADO &#8211; Regime Excepcional &#8211; DIREITO &#8211; FCP &#8211; 2022-2&nbsp;<\/a><\/p>\n\n\n\n<p><a href=\"https:\/\/fcpi.com.br\/portal\/wp-content\/uploads\/2022\/10\/PORTARIA-DA-FCP-N.o-039-2022-RESULTADO-Justificativa-de-Faltas-DIREITO-FCP-2022-2-Assinada.pdf\">PORTARIA-DA-FCP N.\u00ba 039-2022 &#8211; RESULTADO &#8211; Justificativa de Faltas &#8211; DIREITO &#8211; FCP &#8211; 2022-2&nbsp;<\/a><\/p>\n\n\n\n<p><a href=\"https:\/\/fcpi.com.br\/portal\/wp-content\/uploads\/2022\/10\/PORTARIA-DA-FCP-N.o-038-2022-Entrega-Atividades-Complementares-DIREITO-FCP-2022-2-Ass..pdf\" target=\"_blank\" rel=\"noopener\">PORTARIA-DA-FCP-N.o-038-2022-Entrega-Atividades-Complementares-DIREITO-FCP<\/a><\/p>\n\n\n\n<p><a href=\"https:\/\/fcpi.com.br\/portal\/wp-content\/uploads\/2022\/10\/PORTARIA-DA-FCP-N.o-037-2022-RESULTADO-Justificativa-de-Faltas-DIREITO-FCP-2022-2-Assinada.pdf\" target=\"_blank\" rel=\"noopener\">PORTARIA-DA-FCP N.\u00ba 037-2022 &#8211; RESULTADO &#8211; Justificativa de Faltas &#8211; DIREITO &#8211; FCP &#8211; 2022-2<\/a><\/p>\n\n\n\n<p><a href=\"https:\/\/fcpi.com.br\/portal\/wp-content\/uploads\/2022\/10\/PORTARIA-DA-FCP-N.o-036-2022-RESULTADO-Regime-Excepcional-DIREITO-FCP-2022-2-Assinada.pdf\">PORTARIA-DA-FCP N.\u00ba 036-2022 &#8211; RESULTADO &#8211; Regime Excepcional &#8211; DIREITO &#8211; FCP &#8211; 2022-2&nbsp;<\/a><\/p>\n\n\n\n<p><a href=\"https:\/\/fcpi.com.br\/portal\/wp-content\/uploads\/2022\/10\/PORTARIA-DA-FCP-N.o-035-2022-RESULTADO-PROVAS-DE-2.a-CHAMADA-1.a-AVALIACAO-2022-2-Assinada.pdf\" target=\"_blank\" rel=\"noopener\">PORTARIA-DA-FCP N.\u00ba 035-2022 &#8211; RESULTADO &#8211; PROVAS DE 2.\u00aa CHAMADA &#8211; 1.\u00aa AVALIA\u00c7\u00c3O &#8211; 2022-2<\/a><\/p>\n\n\n\n<p><a href=\"https:\/\/fcpi.com.br\/portal\/wp-content\/uploads\/2022\/09\/PORTARIA-DA-FCP-N.o-034-2022-RESULTADO-Regime-Excepcional-DIREITO-FCP-2022-2-Assinada.pdf\">PORTARIA-DA-FCP N.\u00ba 034-2022 &#8211; RESULTADO &#8211; Regime Excepcional &#8211; DIREITO &#8211; FCP &#8211; 2022-2&nbsp;<\/a><\/p>\n\n\n\n<p><a href=\"https:\/\/fcpi.com.br\/portal\/wp-content\/uploads\/2022\/09\/PORTARIA-DA-FCP-N.o-033-2022-DATAS-APLICACAO-EXTEMPORANEA-PROVAS-DE-2.a-CHAMADA-1.a-AVALIACAO-2022-2-Assinada.pdf\">PORTARIA-DA-FCP N.\u00ba 033-2022 &#8211; DATAS &#8211; APLICA\u00c7\u00c3O EXTEMPOR\u00c2NEA &#8211; PROVAS DE 2.\u00aa CHAMADA &#8211; 1.\u00aa AVALIA\u00c7\u00c3O &#8211; 2022-2 (Assinada)<\/a><\/p>\n\n\n\n<p><a href=\"https:\/\/fcpi.com.br\/portal\/wp-content\/uploads\/2022\/09\/PORTARIA-DA-FCP-N.o-032-2022-RESULTADO-Regime-Excepcional-DIREITO-FCP-2022-2-Assinada.pdf\" target=\"_blank\" rel=\"noopener\">PORTARIA-DA-FCP N.\u00ba 032-2022 &#8211; RESULTADO &#8211; Regime Excepcional &#8211; DIREITO &#8211; FCP &#8211; 2022-2 (Assinada)<\/a><\/p>\n\n\n\n<p><a href=\"https:\/\/fcpi.com.br\/portal\/wp-content\/uploads\/2022\/09\/PORTARIA-DA-FCP-N.o-031-2022-ADIAMENTO-PROVAS-DE-2.a-CHAMADA-1.a-AVALIACAO-2022-2-Ass..pdf\" target=\"_blank\" rel=\"noopener\">PORTARIA-DA-FCP N.\u00ba 031-2022 &#8211; ADIAMENTO &#8211; PROVAS DE 2.\u00aa CHAMADA &#8211; 1.\u00aa AVALIA\u00c7\u00c3O &#8211; 2022-2 (Ass.)<\/a><\/p>\n\n\n\n<p><a href=\"https:\/\/fcpi.com.br\/portal\/wp-content\/uploads\/2022\/09\/PORTARIA-DA-FCP-N.o-030-2022-Nomeacao-Professor-Monitoria-D.-Empr.-II-DIREITO-FCP-2022-2-Valdenor-Assinada.pdf\" target=\"_blank\" rel=\"noopener\">PORTARIA-DA-FCP N.\u00ba 030-2022 &#8211; Nomea\u00e7\u00e3o &#8211; Professor &#8211; Monitoria &#8211; D. Empr. II &#8211; DIREITO &#8211; FCP &#8211; 2022-2 (Valdenor) (Assinada)<\/a><\/p>\n\n\n\n<p><a href=\"https:\/\/fcpi.com.br\/portal\/wp-content\/uploads\/2022\/09\/PORTARIA-DA-FCP-N.o-029-2022-Nomeacao-Professor-Monitoria-D.-Const.-I-DIREITO-FCP-2022-2-Danilo-Leoni-Assinada.pdf\" target=\"_blank\" rel=\"noopener\">PORTARIA-DA-FCP N.\u00ba 029-2022 &#8211; Nomea\u00e7\u00e3o &#8211; Professor &#8211; Monitoria &#8211; D. Const. I &#8211; DIREITO &#8211; FCP &#8211; 2022-2 (Danilo Leoni) (Assinada)<\/a><\/p>\n\n\n\n<p><a href=\"https:\/\/fcpi.com.br\/portal\/wp-content\/uploads\/2022\/09\/PORTARIA-DA-FCP-N.o-028-2022-Nomeacao-Monitora-Kettely-D.-Empr.-II-DIREITO-FCP-2022-2-Assinada.pdf\" target=\"_blank\" rel=\"noopener\">PORTARIA-DA-FCP N.\u00ba 028-2022 &#8211; Nomea\u00e7\u00e3o &#8211; Monitora &#8211; Kettely &#8211; D. Empr. II &#8211; DIREITO &#8211; FCP &#8211; 2022-2 (Assinada)<\/a><\/p>\n\n\n\n<p><a href=\"https:\/\/fcpi.com.br\/portal\/wp-content\/uploads\/2022\/09\/PORTARIA-DA-FCP-N.o-027-2022-Nomeacao-Monitor-Cainan-D.-Const.-I-DIREITO-FCP-2022-2-Assinada.pdf\" target=\"_blank\" rel=\"noopener\">PORTARIA-DA-FCP N.\u00ba 027-2022 &#8211; Nomea\u00e7\u00e3o &#8211; Monitor &#8211; Cainan &#8211; D. Const. I &#8211; DIREITO &#8211; FCP &#8211; 2022-2 (Assinada)<\/a><\/p>\n\n\n\n<p><a href=\"https:\/\/fcpi.com.br\/portal\/wp-content\/uploads\/2022\/09\/PORTARIA-DA-FCP-N.o-026-2022-Nomeacao-Orientador-PIBIC-DIREITO-FCP-2022-2-Francisco-Atualpa-Assinada-1.pdf\" target=\"_blank\" rel=\"noopener\">PORTARIA-DA-FCP N.\u00ba 026-2022 &#8211; Nomea\u00e7\u00e3o &#8211; Orientador &#8211; PIBIC &#8211; DIREITO &#8211; FCP &#8211; 2022-2 (Francisco Atualpa) (Assinada)<\/a><\/p>\n\n\n\n<p><a href=\"https:\/\/fcpi.com.br\/portal\/wp-content\/uploads\/2022\/09\/PORTARIA-DA-FCP-N.o-025-2022-Nomeacao-PIBIC-Anne-Karoline-DIREITO-FCP-2022-2-Assinada.pdf\" target=\"_blank\" rel=\"noopener\">PORTARIA-DA-FCP N.\u00ba 025-2022 &#8211; Nomea\u00e7\u00e3o &#8211; PIBIC &#8211; Anne Karoline &#8211; DIREITO &#8211; FCP &#8211; 2022-2 (Assinada)<\/a><\/p>\n\n\n\n<p><a href=\"https:\/\/fcpi.com.br\/portal\/wp-content\/uploads\/2022\/09\/PORTARIA-DA-FCP-N.o-024-2022-RESULTADO-PROVAS-DE-2.a-CHAMADA-1.a-AVALIACAO-2022-2-Assinada-1.pdf\" target=\"_blank\" rel=\"noopener\">PORTARIA-DA-FCP N.\u00ba 024-2022 &#8211; RESULTADO &#8211; PROVAS DE 2.\u00aa CHAMADA &#8211; 1.\u00aa AVALIA\u00c7\u00c3O &#8211; 2022-2 (Assinada)<\/a><\/p>\n\n\n\n<p><a href=\"https:\/\/fcpi.com.br\/portal\/wp-content\/uploads\/2022\/09\/PORTARIA-DA-FCP-N.o-023-2022-RESULTADO-Regime-Excepcional-DIREITO-FCP-2022-2-Assinada.pdf\" target=\"_blank\" rel=\"noopener\">PORTARIA-DA-FCP N.\u00ba 023-2022 &#8211; RESULTADO &#8211; Regime Excepcional &#8211; DIREITO &#8211; FCP &#8211; 2022-2 (Assinada)<\/a><\/p>\n\n\n\n<p><a href=\"https:\/\/fcpi.com.br\/portal\/wp-content\/uploads\/2022\/09\/PORTARIA-DA-FCP-N.o-022-2022-RESULTADO-Regime-Excepcional-DIREITO-FCP-2022-2-Assinada.pdf\">PORTARIA-DA-FCP N.\u00ba 022-2022 &#8211; RESULTADO &#8211; Regime Excepcional &#8211; DIREITO &#8211; FCP &#8211; 2022-2&nbsp;<\/a><\/p>\n\n\n\n<p><a href=\"https:\/\/fcpi.com.br\/portal\/wp-content\/uploads\/2022\/09\/PORTARIA-DA-FCP-N.o-021-2022-Destinacao-Vade-Mecum-DIREITO-FCP-2022-2-Assinada.pdf\" target=\"_blank\" rel=\"noopener\">PORTARIA-DA-FCP N.\u00ba 021-2022 &#8211; Destina\u00e7\u00e3o &#8211; Vade Mecum &#8211; DIREITO &#8211; FCP &#8211; 2022-2 (Assinada)<\/a><\/p>\n\n\n\n<p><a href=\"https:\/\/fcpi.com.br\/portal\/wp-content\/uploads\/2022\/08\/PORTARIA-DA-FCP-N.o-019-2022-RESULTADO-Ingresso-por-Transferencia-DIREITO-FCP-2022-2-Assinada.pdf\" target=\"_blank\" rel=\"noopener\">PORTARIA-DA N\u00ba 019\/2022, INGRESSO POR TRANSFER\u00caNCIA DIREITO<\/a><\/p>\n\n\n\n<p><a href=\"https:\/\/fcpi.com.br\/portal\/wp-content\/uploads\/2022\/08\/PORTARIA-DA-FCP-N.o-020-2022-RESULTADO-Regime-Excepcional-DIREITO-FCP-2022-2-Assinada.pdf\" target=\"_blank\" rel=\"noopener\">PORTARIA-DA N\u00ba 020\/2022, RESULTADO REGIME EXCEPCIONAL DIREITO de 26\/08\/2022.<\/a><\/p>\n\n\n\n<p><a href=\"http:\/\/PORTARIA CD N\u00ba 011 da FCP - DISTRIBUI\u00c7\u00c3O DAS ORIENTA\u00c7\u00d5ES DE CONTE\u00daDO - DIREITO - FCP - 2022-2 (1)\" data-wplink-url-error=\"true\">PORTARIA CD N\u00ba 011 da FCP &#8211; DISTRIBUI\u00c7\u00c3O DAS ORIENTA\u00c7\u00d5ES DE CONTE\u00daDO &#8211; DIREITO &#8211; FCP &#8211; 2022-2<\/a><\/p>\n\n\n\n<p><a href=\"https:\/\/fcpi.com.br\/portal\/wp-content\/uploads\/2022\/06\/PORTARIA-CD-No-009-da-FCP-DISTRIBUICAO-DAS-PROVAS-FINAIS-DIREITO-FCP-2022-1.pdf\" target=\"_blank\" rel=\"noopener\">PORTARIA CD N\u00ba 009 da FCP &#8211; DISTRIBUI\u00c7\u00c3O DAS PROVAS FINAIS &#8211; DIREITO &#8211; FCP &#8211; 2022-1<\/a><\/p>\n\n\n\n<p><a href=\"https:\/\/fcpi.com.br\/portal\/wp-content\/uploads\/2022\/06\/PORTARIA-CD-No-008-da-FCP-ORDEM-DE-APRESENTACAO-SEMINARIO-INTEGRADOR-DIREITO-FCP-2022-1.pdf\" target=\"_blank\" rel=\"noopener\">PORTARIA CD N\u00ba 008 da FCP- ORDEM DE APRESENTA\u00c7\u00c3O &#8211; SEMIN\u00c1RIO INTEGRADOR &#8211; DIREITO &#8211; FCP &#8211; 2022-1<\/a><\/p>\n\n\n\n<p><a href=\"https:\/\/fcpi.com.br\/portal\/wp-content\/uploads\/2022\/06\/PORTARIA-CD-No-007-da-FCP-SOLICITACAO-PROVAS-2a-CHAMADA-DIREITO-FCP-2022-1.pdf\" target=\"_blank\" rel=\"noopener\">PORTARIA CD N\u00ba 007 da FCP-SOLICITA\u00c7\u00c3O PROVAS 2\u00aa CHAMADA- DIREITO &#8211; FCP &#8211; 2022-1<\/a><\/p>\n\n\n\n<p><a href=\"https:\/\/fcpi.com.br\/portal\/wp-content\/uploads\/2022\/06\/PORTARIA-CD-No-006-da-FCP-REPOSICAO-DAS-AULAS-DIREITO-FCP-2022-1.pdf\" target=\"_blank\" rel=\"noopener\">PORTARIA CD N\u00ba 006 da FCP &#8211; REPOSI\u00c7\u00c3O DAS AULAS &#8211; DIREITO &#8211; FCP &#8211; 2022-1<\/a><\/p>\n\n\n\n<p><a href=\"https:\/\/fcpi.com.br\/portal\/wp-content\/uploads\/2022\/06\/PORTARIA-CD-No-005-da-FCP-ATESTADO-MEDICO-JUSTIFICACAO-DE-FALTAS-DIREITO-FCP-2022-1.pdf\" target=\"_blank\" rel=\"noopener\">PORTARIA CD N\u00ba 005 da FCP &#8211; ATESTADO M\u00c9DICO &#8211; JUSTIFICA\u00c7\u00c3O DE FALTAS &#8211; DIREITO &#8211; FCP &#8211; 2022-1<\/a><\/p>\n\n\n\n<p><a href=\"https:\/\/fcpi.com.br\/portal\/wp-content\/uploads\/2022\/06\/PORTARIA-CD-No-004-da-FCP-SOLICITACAO-PROVAS-2a-CHAMADA-DIREITO-FCP-2022-1.pdf\" target=\"_blank\" rel=\"noopener\">PORTARIA CD N\u00ba 004 da FCP-SOLICITA\u00c7\u00c3O PROVAS 2\u00aa CHAMADA- DIREITO &#8211; FCP &#8211; 2022-1<\/a><\/p>\n\n\n\n<p><a href=\"https:\/\/fcpi.com.br\/portal\/wp-content\/uploads\/2022\/06\/PORTARIA-DA-FCP-N.o-017-2022-Prorrogacao-Atividades-Complementares-DIREITO-FCP-2022-1-Assinada.pdf\" target=\"_blank\" rel=\"noopener\">PORTARIA-DA-FCP N.\u00ba 017-2022 &#8211; Prorroga\u00e7\u00e3o &#8211; Atividades Complementares &#8211; DIREITO &#8211; FCP &#8211; 2022-1 (Assinada)<\/a><\/p>\n\n\n\n<p><a href=\"https:\/\/fcpi.com.br\/portal\/wp-content\/uploads\/2022\/06\/PORTARIA-DG-FCP-n.o-010-2022-Nomeacao-Membros-N.D.E.-Direito-FCP-2022-1.pdf\" target=\"_blank\" rel=\"noopener\">PORTARIA-DG-FCP n.\u00ba 010-2022 &#8211; Nomea\u00e7\u00e3o Membros N.D.E. &#8211; Direito &#8211; FCP &#8211; 2022<\/a><\/p>\n\n\n\n<p><a href=\"https:\/\/fcpi.com.br\/portal\/wp-content\/uploads\/2022\/06\/PORTARIA-DG-FCP-n.o-009-2022-Exoneracao-Professor-Angelo-N.D.E.-Direito-FCP-2021.pdf\" target=\"_blank\" rel=\"noopener\">PORTARIA-DG-FCP n.\u00ba 009-2022-Exonera\u00e7\u00e3o Professor Angelo N.D.E. &#8211; Direito &#8211; FCP \u2013 2021<\/a><\/p>\n\n\n\n<p><a href=\"https:\/\/fcpi.com.br\/portal\/wp-content\/uploads\/2022\/06\/PORTARIA-DG-FCP-N.o-008-2022-Nomeacao-do-Coordenador-do-NPJ-Professor-Abgail.pdf\" target=\"_blank\" rel=\"noopener\">PORTARIA-DG-FCP N.\u00ba 008-2022 &#8211; Nomea\u00e7\u00e3o do Coordenador do NPJ (Professor Abgail)<\/a><\/p>\n\n\n\n<p><a href=\"https:\/\/fcpi.com.br\/portal\/wp-content\/uploads\/2022\/06\/PORTARIA-DG-FCP-N.o-007-2022-Exonera\u00e7\u00e3o-do-Coordenador-do-NPJ-Professor-Angelo.pdf\" target=\"_blank\" rel=\"noopener\">PORTARIA-DG-FCP N.\u00ba 007-2022- Exonera\u00e7\u00e3o do Coordenador do NPJ &#8211; Professor Angelo<\/a><\/p>\n\n\n\n<p><a href=\"https:\/\/fcpi.com.br\/portal\/wp-content\/uploads\/2022\/05\/PORTARIA-DG-FCP-N.o-006-2022-Nomeacao-do-Coordenador-do-Curso-de-Direito-Professor-Abgail.pdf\" target=\"_blank\" rel=\"noopener\">PORTARIA-DG-FCP N.\u00ba 006-2022 &#8211; Nomea\u00e7\u00e3o do Coordenador do Curso de Direito ( Professor Abgail)<\/a><\/p>\n\n\n\n<p><a href=\"https:\/\/fcpi.com.br\/portal\/wp-content\/uploads\/2022\/05\/PORTARIA-DG-FCP-N.o-005-2022-Exoneracao-do-Coordenador-do-Curso-de-Direito-Professor-Angelo.pdf\" target=\"_blank\" rel=\"noopener\">PORTARIA-DG-FCP N.\u00ba 005-2022 &#8211; Exonera\u00e7\u00e3o do Coordenador do Curso de Direito ( Professor Angelo)<\/a><\/p>\n\n\n\n<p><a href=\"https:\/\/fcpi.com.br\/portal\/wp-content\/uploads\/2022\/04\/PORTARIA-DA-FCP-N.o-016-2022-RESULTADO-Ensino-Totalmente-Remoto-DIREITO-FCP-2022-1-Assinada.pdf\" target=\"_blank\" rel=\"noopener\">PORTARIA-DA-FCP N.\u00ba 016-2022 &#8211; RESULTADO &#8211; Ensino Totalmente Remoto &#8211; DIREITO &#8211; FCP &#8211; 2022-1 (Assinada)<\/a><\/p>\n\n\n\n<p><a href=\"https:\/\/fcpi.com.br\/portal\/wp-content\/uploads\/2022\/03\/PORTARIA-DA-FCP-N.o-015-2022-RESULTADO-Ensino-Totalmente-Remoto-DIREITO-FCP-2022-1-Assinada.pdf\" target=\"_blank\" rel=\"noopener\">PORTARIA-DA-FCP N.\u00ba 015-2022 &#8211; RESULTADO &#8211; Ensino Totalmente Remoto &#8211; DIREITO &#8211; FCP &#8211; 2022-1 (Assinada)<\/a><\/p>\n\n\n\n<p><a href=\"https:\/\/fcpi.com.br\/portal\/wp-content\/uploads\/2022\/03\/PORTARIA-CD-No-001-da-FCP-REGULACAO-REGIME-DE-AULAS-E-OUTRAS-PROVIDENCIAS-DIREITO-FCP-2022-1.pdf\" target=\"_blank\" rel=\"noopener\">PORTARIA CD N\u00ba 001 da FCP-REGULA\u00c7\u00c3O REGIME DE AULAS E OUTRAS PROVID\u00caNCIAS &#8211; DIREITO &#8211; FCP &#8211; 2022-1<\/a><\/p>\n\n\n\n<p><a href=\"https:\/\/fcpi.com.br\/portal\/wp-content\/uploads\/2022\/03\/PORTARIA-DA-FCP-N.o-014-2022-Nomeacao-Professor-Monitoria-D.P.C.-II-DIREITO-FCP-2022-1-Antonio-Carlos-Assinada.pdf\" target=\"_blank\" rel=\"noopener\">PORTARIA-DA-FCP N.\u00ba 014-2022 &#8211; Nomea\u00e7\u00e3o &#8211; Professor &#8211; Monitoria &#8211; D.P.C. II &#8211; DIREITO &#8211; FCP &#8211; 2022-1 (Ant\u00f4nio Carlos) (Assinada)<\/a><\/p>\n\n\n\n<p><a href=\"https:\/\/fcpi.com.br\/portal\/wp-content\/uploads\/2022\/03\/PORTARIA-DA-FCP-N.o-013-2022-Nomeacao-Orientador-PIBIC-DIREITO-FCP-2022-1-Valdenor-Assinada.pdf\" target=\"_blank\" rel=\"noopener\">PORTARIA-DA-FCP N.\u00ba 013-2022 &#8211; Nomea\u00e7\u00e3o &#8211; Orientador &#8211; PIBIC &#8211; DIREITO &#8211; FCP &#8211; 2022-1 (Valdenor) (Assinada)<\/a><\/p>\n\n\n\n<p><a href=\"https:\/\/fcpi.com.br\/portal\/wp-content\/uploads\/2022\/03\/PORTARIA-DA-FCP-N.o-012-2022-Nomeacao-Orientador-PIBIC-DIREITO-FCP-2022-1-Francisco-Atualpa-Assinada.pdf\" target=\"_blank\" rel=\"noopener\">PORTARIA-DA-FCP N.\u00ba 012-2022 &#8211; Nomea\u00e7\u00e3o &#8211; Orientador &#8211; PIBIC &#8211; DIREITO &#8211; FCP &#8211; 2022-1 (Francisco Atualpa) (Assinada)<\/a><\/p>\n\n\n\n<p><a href=\"https:\/\/fcpi.com.br\/portal\/wp-content\/uploads\/2022\/03\/PORTARIA-DA-FCP-N.o-011-2022-Nomeacao-Monitora-Ana-Victoria-D.-Proc.-Civil-II-DIREITO-FCP-2022-1-Assinada.pdf\" target=\"_blank\" rel=\"noopener\">PORTARIA-DA-FCP N.\u00ba 011-2022 &#8211; Nomea\u00e7\u00e3o &#8211; Monitora &#8211; Ana Vict\u00f3ria &#8211; D. Proc. Civil II &#8211; DIREITO &#8211; FCP &#8211; 2022-1 (Assinada)<\/a><\/p>\n\n\n\n<p><a href=\"https:\/\/fcpi.com.br\/portal\/wp-content\/uploads\/2022\/03\/PORTARIA-DA-FCP-N.o-010-2022-Nomeacao-PIBIC-Anne-Karoline-DIREITO-FCP-2022-1-Assinada.pdf\" target=\"_blank\" rel=\"noopener\">PORTARIA-DA-FCP N.\u00ba 010-2022 &#8211; Nomea\u00e7\u00e3o &#8211; PIBIC &#8211; Anne Karoline &#8211; DIREITO &#8211; FCP &#8211; 2022-1 (Assinada)<\/a><\/p>\n\n\n\n<p><a href=\"https:\/\/fcpi.com.br\/portal\/wp-content\/uploads\/2022\/03\/PORTARIA-DA-FCP-N.o-009-2022-Nomeacao-PIBIC-Ana-Cristina-DIREITO-FCP-2022-1-Assinada.pdf\" target=\"_blank\" rel=\"noopener\">PORTARIA-DA-FCP N.\u00ba 009-2022 &#8211; Nomea\u00e7\u00e3o &#8211; PIBIC &#8211; Ana Cristina &#8211; DIREITO &#8211; FCP &#8211; 2022-1 (Assinada)<\/a><\/p>\n\n\n\n<p><a href=\"https:\/\/fcpi.com.br\/portal\/wp-content\/uploads\/2022\/03\/PORTARIA-DA-FCP-N.o-008-2022-RESULTADO-Ensino-Totalmente-Remoto-DIREITO-FCP-2022-1-Assinada.pdf\" target=\"_blank\" rel=\"noopener\">PORTARIA-DA-FCP N.\u00ba 008-2022 &#8211; RESULTADO &#8211; Ensino Totalmente Remoto &#8211; DIREITO &#8211; FCP &#8211; 2022-1 (Assinada)<\/a><\/p>\n\n\n\n<p><a href=\"https:\/\/fcpi.com.br\/portal\/wp-content\/uploads\/2022\/02\/PORTARIA-DA-FCP-N.o-007-2022-RESULTADO-Ensino-Totalmente-Remoto-DIREITO-FCP-2022-1-Assinada.pdf\" target=\"_blank\" rel=\"noopener\">PORTARIA-DA-FCP N.\u00ba 007-2022 &#8211; RESULTADO &#8211; Ensino Totalmente Remoto &#8211; DIREITO &#8211; FCP &#8211; 2022-1 (Assinada)<\/a><\/p>\n\n\n\n<p><a href=\"https:\/\/fcpi.com.br\/portal\/wp-content\/uploads\/2022\/02\/PORTARIA-DG-FCP-N.o-003-2022-Nomeacao-do-Direitor-Academico.pdf\">PORTARIA-DG-FCP N.\u00ba 003-2022- Nomea\u00e7\u00e3o do Diretor Acad\u00eamico<\/a><\/p>\n\n\n\n<p><a href=\"https:\/\/fcpi.com.br\/portal\/wp-content\/uploads\/2022\/02\/PORTARIA-DA-FCP-N.o-005-2022-ADIAMENTO-RESULTADO-SELECAO-DOCENTES-DIREITO-FCP-2022-1.pdf\" target=\"_blank\" rel=\"noopener\">PORTARIA-DA-FCP N.\u00ba 005-2022 &#8211; ADIAMENTO RESULTADO SELE\u00c7\u00c3O &#8211; DOCENTES &#8211; DIREITO &#8211; FCP &#8211; 2022-1<\/a><\/p>\n\n\n\n<p><a href=\"https:\/\/fcpi.com.br\/portal\/wp-content\/uploads\/2022\/02\/PORTARIA-DA-FCP-N.o-004-2022-COMPOSICAO-DA-COMISSAO-EXAMINADORA-SELECAO-DOCENTES-DIREITO-FCP-2022-1.pdf\" target=\"_blank\" rel=\"noopener\">PORTARIA-DA-FCP N.\u00ba 004-2022 &#8211; COMPOSI\u00c7\u00c3O DA COMISS\u00c3O EXAMINADORA &#8211; SELE\u00c7\u00c3O &#8211; DOCENTES &#8211; DIREITO &#8211; FCP &#8211; 2022-1<\/a><\/p>\n\n\n\n<p><a href=\"https:\/\/fcpi.com.br\/portal\/wp-content\/uploads\/2022\/02\/PORTARIA-DA-FCP-N.o-003-2022-Homologacao-Premio-Merito-Academico-Discente-DIREITO-FCP-2021-2-Assinada.pdf\" target=\"_blank\" rel=\"noopener\">PORTARIA-DA-FCP N.\u00ba 003-2022 &#8211; Homologa\u00e7\u00e3o &#8211; Pr\u00eamio M\u00e9rito Acad\u00eamico Discente &#8211; DIREITO &#8211; FCP &#8211; 2021-2 (Assinada)<\/a><\/p>\n\n\n\n<p><a href=\"https:\/\/fcpi.com.br\/portal\/wp-content\/uploads\/2022\/02\/PORTARIA-DG-FCP-N.o-002-2022-Nomeacao-da-Coordenadora-do-NPPE-CARMEN-PASSOS.pdf\" target=\"_blank\" rel=\"noopener\">PORTARIA-DG-FCP N.\u00ba 002-2022- Nomea\u00e7\u00e3o da Coordenadora do NPPE (CARMEN PASSOS)<\/a><\/p>\n\n\n\n<p><a href=\"https:\/\/fcpi.com.br\/portal\/wp-content\/uploads\/2022\/02\/PORTARIA-DA-FCP-N.o-001-2022-ACADEMICOS-APTOS-A-COLACAO-DE-GRAU-DIREITO-FCP-TURMA-2021-2-Assinada.pdf\" target=\"_blank\" rel=\"noopener\">PORTARIA-DA-FCP N.\u00ba 001-2022 &#8211; ACAD\u00caMICOS APTOS \u00c0 COLA\u00c7\u00c3O DE GRAU &#8211; DIREITO &#8211; FCP &#8211; TURMA 2021-2 (Assinada)<\/a><\/p>\n\n\n\n<p><a href=\"https:\/\/fcpi.com.br\/portal\/wp-content\/uploads\/2021\/12\/PORTARIA-DA-FCP-N.o-052-2021-Apresentacao-de-Certificados-FCP-Atividades-Complementares-DIREITO-FCP-2021-2-Assinada.pdf\" target=\"_blank\" rel=\"noopener noreferrer\">PORTARIA-DA-FCP N.\u00ba 052-2021 &#8211; Apresenta\u00e7\u00e3o de Certificados FCP &#8211; Atividades Complementares &#8211; DIREITO &#8211; FCP &#8211; 2021-2 (Assinada)<\/a><\/p>\n\n\n\n<p><a href=\"https:\/\/fcpi.com.br\/portal\/wp-content\/uploads\/2021\/12\/PORTARIA-DA-FCP-N.o-051-2021-Prorrogacao-Prazo-Atividades-Complementares-DIREITO-FCP-2021-2-Assinada.pdf\" target=\"_blank\" rel=\"noopener noreferrer\">PORTARIA-DA-FCP N.\u00ba 051-2021 &#8211; Prorroga\u00e7\u00e3o &#8211; Prazo &#8211; Atividades Complementares &#8211; DIREITO &#8211; FCP &#8211; 2021-2 (Assinada)<\/a><\/p>\n\n\n\n<p><a href=\"https:\/\/fcpi.com.br\/portal\/wp-content\/uploads\/2021\/12\/PORTARIA-DA-FCP-N.o-050-2021-DISPOSICAO-DE-DATAS-E-HORARIOS-TCCs-PROVA-FINAL-FCP-2021-2-Assinada.pdf\" target=\"_blank\" rel=\"noopener noreferrer\">PORTARIA-DA-FCP N.\u00ba 050-2021 &#8211; DISPOSI\u00c7\u00c3O DE DATAS E HOR\u00c1RIOS &#8211; TCC&#8217;s &#8211; PROVA FINAL &#8211; FCP &#8211; 2021-2 (Assinada)<\/a><\/p>\n\n\n\n<p><a href=\"https:\/\/fcpi.com.br\/portal\/wp-content\/uploads\/2021\/12\/PORTARIA-DA-FCP-N.o-049-2021-Prorrogacao-Prazo-Atividades-Complementares-DIREITO-FCP-2021-2-Assinada.pdf\" target=\"_blank\" rel=\"noopener noreferrer\">PORTARIA-DA-FCP N.\u00ba 049-2021 &#8211; Prorroga\u00e7\u00e3o &#8211; Prazo &#8211; Atividades Complementares &#8211; DIREITO &#8211; FCP &#8211; 2021-2 (Assinada)<\/a><\/p>\n\n\n\n<p><a href=\"https:\/\/fcpi.com.br\/portal\/wp-content\/uploads\/2021\/11\/PORTARIA-No-054-2021-Relacao-Bancas-Examinadoras-30-11-2021-DIREITO-FCP-2021_2.pdf\" target=\"_blank\" rel=\"noopener noreferrer\">PORTARIA N\u00ba 054-2021 Rela\u00e7\u00e3o &#8211; Bancas Examinadoras 30-11-2021- DIREITO &#8211; FCP &#8211; 2021_2.pdf<\/a><\/p>\n\n\n\n<p><a href=\"https:\/\/fcpi.com.br\/portal\/wp-content\/uploads\/2021\/11\/PORTARIA-No-053-2021-Relacao-Bancas-Examinadoras-29-11-2021-DIREITO-FCP-2021_2.pdf\" target=\"_blank\" rel=\"noopener noreferrer\">PORTARIA N\u00ba 053-2021 Rela\u00e7\u00e3o &#8211; Bancas Examinadoras 29-11-2021- DIREITO &#8211; FCP &#8211; 2021_2.pdf<\/a><\/p>\n\n\n\n<p><a href=\"https:\/\/fcpi.com.br\/portal\/wp-content\/uploads\/2021\/11\/PORTARIA-No-052-2021-Relacao-Bancas-Examinadoras-26-11-2021-DIREITO-FCP-2021_2.pdf\" target=\"_blank\" rel=\"noopener noreferrer\">PORTARIA N\u00ba 052-2021 Rela\u00e7\u00e3o &#8211; Bancas Examinadoras 26-11-2021- DIREITO &#8211; FCP &#8211; 2021_2.pdf<\/a><\/p>\n\n\n\n<p><a href=\"https:\/\/fcpi.com.br\/portal\/wp-content\/uploads\/2021\/11\/PORTARIA-No-051-2021-Relacao-Bancas-Examinadoras-25-11-2021-DIREITO-FCP-2021_2.pdf\" target=\"_blank\" rel=\"noopener noreferrer\">PORTARIA N\u00ba 051-2021 Rela\u00e7\u00e3o &#8211; Bancas Examinadoras 25-11-2021- DIREITO &#8211; FCP &#8211; 2021_2.pdf<\/a><\/p>\n\n\n\n<p><a href=\"https:\/\/fcpi.com.br\/portal\/wp-content\/uploads\/2021\/11\/PORTARIA-No-050-2021-Relacao-Bancas-Examinadoras-24-11-2021-DIREITO-FCP-2021_2.pdf\" target=\"_blank\" rel=\"noopener noreferrer\">PORTARIA N\u00ba 050-2021 Rela\u00e7\u00e3o &#8211; Bancas Examinadoras 24-11-2021- DIREITO &#8211; FCP &#8211; 2021_2.pdf<\/a><\/p>\n\n\n\n<p><a href=\"https:\/\/fcpi.com.br\/portal\/wp-content\/uploads\/2021\/11\/PORTARIA-No-049-2021-Relacao-Bancas-Examinadoras-23-11-2021-DIREITO-FCP-2021_2.pdf\" target=\"_blank\" rel=\"noopener noreferrer\">PORTARIA N\u00ba 049-2021 Rela\u00e7\u00e3o &#8211; Bancas Examinadoras 23-11-2021- DIREITO &#8211; FCP &#8211; 2021_2.pdf<\/a><\/p>\n\n\n\n<p><a href=\"https:\/\/fcpi.com.br\/portal\/wp-content\/uploads\/2021\/11\/PORTARIA-No-048-2021-FCP-Relacao-Bancas-Examinadoras-22-11-2021-DIREITO-FCP-2021_2.pdf\" target=\"_blank\" rel=\"noopener noreferrer\">PORTARIA N\u00ba 048-2021 Rela\u00e7\u00e3o &#8211; Bancas Examinadoras 22-11-2021- DIREITO &#8211; FCP &#8211; 2021_2.pdf<\/a><\/p>\n\n\n\n<p><a href=\"https:\/\/fcpi.com.br\/portal\/wp-content\/uploads\/2021\/11\/PORTARIA-DA-FCP-N.o-048-2021-Suspensao-Aulas-Presenciais-DIREITO-FCP-2021-2.pdf\" target=\"_blank\" rel=\"noopener noreferrer\">PORTARIA-DA-FCP N.\u00ba 048-2021 &#8211; Suspens\u00e3o &#8211; Aulas Presenciais &#8211; DIREITO &#8211; FCP &#8211; 2021-2<\/a><\/p>\n\n\n\n<p><a href=\"https:\/\/fcpi.com.br\/portal\/wp-content\/uploads\/2021\/11\/PORTARIA-DA-FCP-N.o-047-2021-DISPOSICAO-DE-DATAS-E-HORARIOS-TCCs-FCP-2021-2-Assinada.pdf\" target=\"_blank\" rel=\"noopener noreferrer\">PORTARIA-DA-FCP N.\u00ba 047-2021 &#8211; DISPOSI\u00c7\u00c3O DE DATAS E HOR\u00c1RIOS &#8211; TCC&#8217;s &#8211; FCP &#8211; 2021-2 (Assinada)<\/a><\/p>\n\n\n\n<p><a href=\"https:\/\/fcpi.com.br\/portal\/wp-content\/uploads\/2021\/11\/PORTARIA-DA-FCP-N.o-046-2021-DISPOSICAO-DE-DATAS-E-HORARIOS-TCCs-FCP-2021-2-Assinada.pdf\" target=\"_blank\" rel=\"noopener noreferrer\">PORTARIA-DA-FCP N.\u00ba 046-2021 &#8211; DISPOSI\u00c7\u00c3O DE DATAS E HOR\u00c1RIOS &#8211; TCC&#8217;s &#8211; FCP &#8211; 2021-2 (Assinada)<\/a><\/p>\n\n\n\n<p><a href=\"https:\/\/fcpi.com.br\/portal\/wp-content\/uploads\/2021\/11\/PORTARIA-DA-FCP-N.o-045-2021-Atividades-Complementares-DIREITO-FCP-2021-2-Assinada.pdf\" target=\"_blank\" rel=\"noopener noreferrer\">PORTARIA-DA-FCP N.\u00ba 045-2021 &#8211; Atividades Complementares &#8211; DIREITO &#8211; FCP &#8211; 2021-2 (Assinada)<\/a><\/p>\n\n\n\n<p><a href=\"https:\/\/fcpi.com.br\/portal\/wp-content\/uploads\/2021\/11\/PORTARIA-DA-FCP-N.o-044-2021-RESULTADO-Pedidos-de-Mudanca-de-Modalidade-de-Ensino-DIREITO-FCP-2021-2-Assinada.pdf\" target=\"_blank\" rel=\"noopener noreferrer\">PORTARIA-DA-FCP N.\u00ba 044-2021 &#8211; RESULTADO &#8211; Pedidos de Mudan\u00e7a de Modalidade de Ensino &#8211; DIREITO &#8211; FCP &#8211; 2021-2 (Assinada)<\/a><\/p>\n\n\n\n<p><a href=\"https:\/\/fcpi.com.br\/portal\/wp-content\/uploads\/2021\/11\/PORTARIA-ERRATA-EDITALNo-001-2021-TCC-CRONOGRAMA-E-ANEXOS-2021.2.1.pdf\" target=\"_blank\" rel=\"noopener noreferrer\">PORTARIA ERRATA-EDITALN\u00ba 001 2021 &#8211; TCC CRONOGRAMA E ANEXOS 2021.2.1<\/a><\/p>\n\n\n\n<p><a href=\"https:\/\/fcpi.com.br\/portal\/wp-content\/uploads\/2021\/10\/PORTARIA-DA-FCP-N.o-043-2021-Relacao-de-Optantes-pelo-Ensino-Hibrido-DIREITO-FCP-2021-2-Assinada.pdf\" target=\"_blank\" rel=\"noopener noreferrer\">PORTARIA-DA-FCP N.\u00ba 043-2021 &#8211; Rela\u00e7\u00e3o de Optantes pelo Ensino H\u00edbrido &#8211; DIREITO &#8211; FCP &#8211; 2021-2 (Assinada)<\/a><\/p>\n\n\n\n<p><a href=\"https:\/\/fcpi.com.br\/portal\/wp-content\/uploads\/2021\/10\/PORTARIA-DA-FCP-N.o-042-2021-RESULTADO-Pedidos-de-Mudanca-de-Modalidade-de-Ensino-DIREITO-FCP-2021-2-Assinada.pdf\" target=\"_blank\" rel=\"noopener noreferrer\">PORTARIA-DA-FCP N.\u00ba 042-2021 &#8211; RESULTADO &#8211; Pedidos de Mudan\u00e7a de Modalidade de Ensino &#8211; DIREITO &#8211; FCP &#8211; 2021-2 (Assinada)<\/a><\/p>\n\n\n\n<p><a href=\"https:\/\/fcpi.com.br\/portal\/wp-content\/uploads\/2021\/10\/PORTARIA-DG-FCP-N.o-007-2021-Nomeacao-da-Coordenadora-do-NPPE-LAISE-MORAIS-1.pdf\" target=\"_blank\" rel=\"noopener noreferrer\">PORTARIA-DG-FCP N.\u00ba 007-2021 &#8211; Nomea\u00e7\u00e3o da Coordenadora do NPPE( LA\u00cdSE MORAIS) (1)<\/a><\/p>\n\n\n\n<p><a href=\"https:\/\/fcpi.com.br\/portal\/wp-content\/uploads\/2021\/09\/PORTARIA-DA-FCP-N.o-041-2021-Nomeacao-Orientador-PIBIC-DIREITO-FCP-2021-2-Cristiano-Assinada.pdf\" target=\"_blank\" rel=\"noopener noreferrer\">PORTARIA-DA-FCP N.\u00ba 041-2021 &#8211; Nomea\u00e7\u00e3o &#8211; Orientador &#8211; PIBIC &#8211; DIREITO &#8211; FCP &#8211; 2021-2 (Cristiano) (Assinada)<\/a><\/p>\n\n\n\n<p><a href=\"https:\/\/fcpi.com.br\/portal\/wp-content\/uploads\/2021\/09\/PORTARIA-DA-FCP-N.o-040-2021-Nomeacao-Orientador-PIBIC-DIREITO-FCP-2021-2-Francisco-Atualpa-Assinada.pdf\" target=\"_blank\" rel=\"noopener noreferrer\">PORTARIA-DA-FCP N.\u00ba 040-2021 &#8211; Nomea\u00e7\u00e3o &#8211; Orientador &#8211; PIBIC &#8211; DIREITO &#8211; FCP &#8211; 2021-2 (Francisco Atualpa) (Assinada)<\/a><\/p>\n\n\n\n<p><a href=\"https:\/\/fcpi.com.br\/portal\/wp-content\/uploads\/2021\/09\/PORTARIA-DA-FCP-N.o-039-2021-Nomeacao-Orientador-PIBIC-DIREITO-FCP-2021-2-Francisco-Atualpa-Assinada.pdf\" target=\"_blank\" rel=\"noopener noreferrer\">PORTARIA-DA-FCP N.\u00ba 039-2021 &#8211; Nomea\u00e7\u00e3o &#8211; Orientador &#8211; PIBIC &#8211; DIREITO &#8211; FCP &#8211; 2021-2 (Francisco Atualpa) (Assinada)<\/a><\/p>\n\n\n\n<p><a href=\"https:\/\/fcpi.com.br\/portal\/wp-content\/uploads\/2021\/09\/PORTARIA-DA-FCP-N.o-038-2021-Nomeacao-Orientador-PIBIC-DIREITO-FCP-2021-2-Francisco-Atualpa-Assinada.pdf\" target=\"_blank\" rel=\"noopener noreferrer\">PORTARIA-DA-FCP N.\u00ba 038-2021 &#8211; Nomea\u00e7\u00e3o &#8211; Orientador &#8211; PIBIC &#8211; DIREITO &#8211; FCP &#8211; 2021-2 (Francisco Atualpa) (Assinada)<\/a><\/p>\n\n\n\n<p><a href=\"https:\/\/fcpi.com.br\/portal\/wp-content\/uploads\/2021\/09\/PORTARIA-DA-FCP-N.o-037-2021-Nomeacao-PIBIC-Alessandra-DIREITO-FCP-2021-2-Assinada.pdf\" target=\"_blank\" rel=\"noopener noreferrer\">PORTARIA-DA-FCP N.\u00ba 037-2021 &#8211; Nomea\u00e7\u00e3o &#8211; PIBIC &#8211; Alessandra &#8211; DIREITO &#8211; FCP &#8211; 2021-2 (Assinada)<\/a><\/p>\n\n\n\n<p><a href=\"https:\/\/fcpi.com.br\/portal\/wp-content\/uploads\/2021\/09\/PORTARIA-DA-FCP-N.o-036-2021-Nomeacao-PIBIC-Ana-Cristina-DIREITO-FCP-2021-2-Assinada.pdf\" target=\"_blank\" rel=\"noopener noreferrer\">PORTARIA-DA-FCP N.\u00ba 036-2021 &#8211; Nomea\u00e7\u00e3o &#8211; PIBIC &#8211; Ana Cristina &#8211; DIREITO &#8211; FCP &#8211; 2021-2 (Assinada)<\/a><\/p>\n\n\n\n<p><a href=\"https:\/\/fcpi.com.br\/portal\/wp-content\/uploads\/2021\/09\/PORTARIA-DA-FCP-N.o-035-2021-Nomeacao-PIBIC-Joao-Victor-DIREITO-FCP-2021-2-Assinada.pdf\" target=\"_blank\" rel=\"noopener noreferrer\">PORTARIA-DA-FCP N.\u00ba 035-2021 &#8211; Nomea\u00e7\u00e3o &#8211; PIBIC &#8211; Jo\u00e3o Victor &#8211; DIREITO &#8211; FCP &#8211; 2021-2 (Assinada)<\/a><\/p>\n\n\n\n<p><a href=\"https:\/\/fcpi.com.br\/portal\/wp-content\/uploads\/2021\/09\/PORTARIA-DA-FCP-N.o-034-2021-Nomeacao-Professor-Monitoria-D.-P.-C.-III-DIREITO-FCP-2021-2-Antonio-Carlos-Assinada.pdf\" target=\"_blank\" rel=\"noopener noreferrer\">PORTARIA-DA-FCP N.\u00ba 034-2021 &#8211; Nomea\u00e7\u00e3o &#8211; Professor &#8211; Monitoria &#8211; D. P. C. III &#8211; DIREITO &#8211; FCP &#8211; 2021-2 (Ant\u00f4nio Carlos) (Assinada)<\/a><\/p>\n\n\n\n<p><a href=\"https:\/\/fcpi.com.br\/portal\/wp-content\/uploads\/2021\/09\/PORTARIA-DA-FCP-N.o-033-2021-Nomeacao-Professor-Monitoria-D.-E.-II-DIREITO-FCP-2021-2-Valdenor-Assinada.pdf\" target=\"_blank\" rel=\"noopener noreferrer\">PORTARIA-DA-FCP N.\u00ba 033-2021 &#8211; Nomea\u00e7\u00e3o &#8211; Professor &#8211; Monitoria &#8211; D. E. II &#8211; DIREITO &#8211; FCP &#8211; 2021-2 (Valdenor) (Assinada)<\/a><\/p>\n\n\n\n<p><a href=\"https:\/\/fcpi.com.br\/portal\/wp-content\/uploads\/2021\/09\/PORTARIA-DA-FCP-N.o-032-2021-Nomeacao-Professor-Monitoria-D.C.-II-DIREITO-FCP-2021-2-Cristiano-Assinada.pdf\" target=\"_blank\" rel=\"noopener noreferrer\">PORTARIA-DA-FCP N.\u00ba 032-2021 &#8211; Nomea\u00e7\u00e3o &#8211; Professor &#8211; Monitoria &#8211; D.C. II &#8211; DIREITO &#8211; FCP &#8211; 2021-2 (Cristiano) (Assinada)<\/a><\/p>\n\n\n\n<p><a href=\"https:\/\/fcpi.com.br\/portal\/wp-content\/uploads\/2021\/09\/PORTARIA-DA-FCP-N.o-031-2021-Nomeacao-Professora-Monitoria-H.-J.-DIREITO-FCP-2021-2-Francisca-Marta-Assinada.pdf\" target=\"_blank\" rel=\"noopener noreferrer\">PORTARIA-DA-FCP N.\u00ba 031-2021 &#8211; Nomea\u00e7\u00e3o &#8211; Professora &#8211; Monitoria &#8211; H. J. &#8211; DIREITO &#8211; FCP &#8211; 2021-2 (Francisca Marta) (Assinada)<\/a><\/p>\n\n\n\n<p><a href=\"https:\/\/fcpi.com.br\/portal\/wp-content\/uploads\/2021\/09\/PORTARIA-DA-FCP-N.o-030-2021-Nomeacao-Monitora-Ana-Beatriz-Dir.-Proc.-Civil-III-DIREITO-FCP-2021-2-Assinada.pdf\" target=\"_blank\" rel=\"noopener noreferrer\">PORTARIA-DA-FCP N.\u00ba 030-2021 &#8211; Nomea\u00e7\u00e3o &#8211; Monitora &#8211; Ana Beatriz &#8211; Dir. Proc. Civil III &#8211; DIREITO &#8211; FCP &#8211; 2021-2 (Assinada)<\/a><\/p>\n\n\n\n<p><a href=\"https:\/\/fcpi.com.br\/portal\/wp-content\/uploads\/2021\/09\/PORTARIA-DA-FCP-N.o-029-2021-Nomeacao-Monitora-Alessandra-Dir.-Empresarial-II-DIREITO-FCP-2021-2-Assinada.pdf\" target=\"_blank\" rel=\"noopener noreferrer\">PORTARIA-DA-FCP N.\u00ba 029-2021 &#8211; Nomea\u00e7\u00e3o &#8211; Monitora &#8211; Alessandra &#8211; Dir. Empresarial II &#8211; DIREITO &#8211; FCP &#8211; 2021-2 (Assinada)<\/a><\/p>\n\n\n\n<p><a href=\"https:\/\/fcpi.com.br\/portal\/wp-content\/uploads\/2021\/09\/PORTARIA-DA-FCP-N.o-028-2021-Nomeacao-Monitora-Ana-Cristina-Dir.-Civil-II-Obr.-DIREITO-FCP-2021-2-Assinada.pdf\" target=\"_blank\" rel=\"noopener noreferrer\">PORTARIA-DA-FCP N.\u00ba 028-2021 &#8211; Nomea\u00e7\u00e3o &#8211; Monitora &#8211; Ana Cristina &#8211; Dir. Civil II (Obr.) &#8211; DIREITO &#8211; FCP &#8211; 2021-2 (Assinada)<\/a><\/p>\n\n\n\n<p><a href=\"https:\/\/fcpi.com.br\/portal\/wp-content\/uploads\/2021\/09\/PORTARIA-DA-FCP-N.o-027-2021-Nomeacao-Monitora-Anne-Karoline-Herm.-Juridica-DIREITO-FCP-2021-2-Assinada.pdf\" target=\"_blank\" rel=\"noopener noreferrer\">PORTARIA-DA-FCP N.\u00ba 027-2021 &#8211; Nomea\u00e7\u00e3o &#8211; Monitora &#8211; Anne Karoline &#8211; Herm. Jur\u00eddica &#8211; DIREITO &#8211; FCP &#8211; 2021-2 (Assinada)<\/a><\/p>\n\n\n\n<p><a href=\"https:\/\/fcpi.com.br\/portal\/wp-content\/uploads\/2021\/08\/PORTARIA-DA-FCP-N.o-026-2021-RESULTADO-Dispensa-de-disciplina-DIREITO-FCP-2021-2-Assinada.pdf\" target=\"_blank\" rel=\"noopener noreferrer\">PORTARIA-DA-FCP N.\u00ba 026-2021 &#8211; RESULTADO &#8211; Dispensa de disciplina &#8211; DIREITO &#8211; FCP &#8211; 2021-2 (Assinada)<\/a><\/p>\n\n\n\n<p><a href=\"https:\/\/fcpi.com.br\/portal\/wp-content\/uploads\/2021\/08\/PORTARIA-DA-FCP-N.o-025-2021-RESULTADO-Transferencia-DIREITO-FCP-2021-2-Assinado.pdf\" target=\"_blank\" rel=\"noopener noreferrer\">PORTARIA-DA-FCP N.\u00ba 025-2021 &#8211; RESULTADO &#8211; Transfer\u00eancia &#8211; DIREITO &#8211; FCP &#8211; 2021-2 (Assinado)<\/a><\/p>\n\n\n\n<p><a href=\"https:\/\/fcpi.com.br\/portal\/wp-content\/uploads\/2021\/07\/PORTARIA-DA-FCP-N.o-024-2021-Prorrogacao-Atividades-Complementares-DIREITO-FCP-2021-1-Assinada.pdf\" target=\"_blank\" rel=\"noopener noreferrer\">PORTARIA-DA-FCP N.\u00ba 024-2021 &#8211; Prorroga\u00e7\u00e3o &#8211; Atividades Complementares &#8211; DIREITO &#8211; FCP &#8211; 2021-1 (Assinada)<\/a><\/p>\n\n\n\n<p><a href=\"https:\/\/fcpi.com.br\/portal\/wp-content\/uploads\/2021\/06\/PORTARIA-DA-FCP-N.o-023-2021-Prorrogacao-Atividades-Complementares-DIREITO-FCP-2021-1-Assinada.pdf\" target=\"_blank\" rel=\"noopener noreferrer\">PORTARIA-DA-FCP N.\u00ba 023-2021 &#8211; Prorroga\u00e7\u00e3o &#8211; Atividades Complementares &#8211; DIREITO &#8211; FCP &#8211; 2021-1 (Assinada)<\/a><\/p>\n\n\n\n<p><a href=\"https:\/\/fcpi.com.br\/portal\/wp-content\/uploads\/2021\/04\/PORTARIA-DA-FCP-N.o-022-2021-Nomeacao-Orientador-PIBIC-DIREITO-FCP-2021-1-Francisco-Atualpa.pdf\" target=\"_blank\" rel=\"noopener noreferrer\">PORTARIA-DA-FCP N.\u00ba 022-2021 &#8211; Nomea\u00e7\u00e3o &#8211; Orientador &#8211; PIBIC &#8211; DIREITO &#8211; FCP &#8211; 2021-1 (Francisco Atualpa)<\/a><\/p>\n\n\n\n<p><a href=\"https:\/\/fcpi.com.br\/portal\/wp-content\/uploads\/2021\/04\/PORTARIA-DA-FCP-N.o-021-2021-Nomeacao-Coorientador-PIBIC-DIREITO-FCP-2021-1-Cristiano.pdf\" target=\"_blank\" rel=\"noopener noreferrer\">PORTARIA-DA-FCP N.\u00ba 021-2021 &#8211; Nomea\u00e7\u00e3o &#8211; Coorientador &#8211; PIBIC &#8211; DIREITO &#8211; FCP &#8211; 2021-1 (Cristiano)<\/a><\/p>\n\n\n\n<p><a href=\"https:\/\/fcpi.com.br\/portal\/wp-content\/uploads\/2021\/03\/PORTARIA-DA-FCP-N.o-020-2021-Nomeacao-Orientador-PIBIC-DIREITO-FCP-2021-1-Francisco-Atualpa.pdf\" target=\"_blank\" rel=\"noopener noreferrer\">PORTARIA-DA-FCP N.\u00ba 020-2021 &#8211; Nomea\u00e7\u00e3o &#8211; Orientador &#8211; PIBIC &#8211; DIREITO &#8211; FCP &#8211; 2021-1 (Francisco Atualpa)<\/a><\/p>\n\n\n\n<p><a href=\"https:\/\/fcpi.com.br\/portal\/wp-content\/uploads\/2021\/03\/PORTARIA-DA-FCP-N.o-019-2021-Nomeacao-PIBIC-Joao-Victor-DIREITO-FCP-2021-1.pdf\" target=\"_blank\" rel=\"noopener noreferrer\">PORTARIA-DA-FCP N.\u00ba 019-2021 &#8211; Nomea\u00e7\u00e3o &#8211; PIBIC &#8211; Jo\u00e3o Victor &#8211; DIREITO &#8211; FCP &#8211; 2021-1<\/a><\/p>\n\n\n\n<p><a href=\"https:\/\/fcpi.com.br\/portal\/wp-content\/uploads\/2021\/03\/PORTARIA-DA-FCP-N.o-018-2021-Nomeacao-PIBIC-Alessandra-DIREITO-FCP-2021-1.pdf\" target=\"_blank\" rel=\"noopener noreferrer\">PORTARIA-DA-FCP N.\u00ba 018-2021 &#8211; Nomea\u00e7\u00e3o &#8211; PIBIC &#8211; Alessandra &#8211; DIREITO &#8211; FCP &#8211; 2021-1<\/a><\/p>\n\n\n\n<p><a href=\"https:\/\/fcpi.com.br\/portal\/wp-content\/uploads\/2021\/03\/PORTARIA-DA-FCP-N.o-017-2021-Nomeacao-Professor-Monitoria-D.R.F.-DIREITO-FCP-2021-1-Rafael.pdf\" target=\"_blank\" rel=\"noopener noreferrer\">PORTARIA-DA-FCP N.\u00ba 017-2021 &#8211; Nomea\u00e7\u00e3o &#8211; Professor &#8211; Monitoria &#8211; D.R.F. &#8211; DIREITO &#8211; FCP &#8211; 2021-1 (Rafael)<\/a><\/p>\n\n\n\n<p><a href=\"https:\/\/fcpi.com.br\/portal\/wp-content\/uploads\/2021\/03\/PORTARIA-DA-FCP-N.o-016-2021-Nomeacao-Professor-Monitoria-D.P.C.-II-DIREITO-FCP-2021-1-Antonio-Carlos.pdf\" target=\"_blank\" rel=\"noopener noreferrer\">PORTARIA-DA-FCP N.\u00ba 016-2021 &#8211; Nomea\u00e7\u00e3o &#8211; Professor &#8211; Monitoria &#8211; D.P.C. II &#8211; DIREITO &#8211; FCP &#8211; 2021-1 (Ant\u00f4nio Carlos)<\/a><\/p>\n\n\n\n<p><a href=\"https:\/\/fcpi.com.br\/portal\/wp-content\/uploads\/2021\/03\/PORTARIA-DA-FCP-N.o-015-2021-Nomeacao-Professor-Monitoria-D.C.-II-DIREITO-FCP-2021-1-Angelo.pdf\" target=\"_blank\" rel=\"noopener noreferrer\">PORTARIA-DA-FCP N.\u00ba 015-2021 &#8211; Nomea\u00e7\u00e3o &#8211; Professor &#8211; Monitoria &#8211; D.C. II &#8211; DIREITO &#8211; FCP &#8211; 2021-1 (Angelo)<\/a><\/p>\n\n\n\n<p><a href=\"https:\/\/fcpi.com.br\/portal\/wp-content\/uploads\/2021\/03\/PORTARIA-DA-FCP-N.o-014-2021-Nomeacao-Professor-Monitoria-F.G.J.-DIREITO-FCP-2021-1-Atualpa.pdf\" target=\"_blank\" rel=\"noopener noreferrer\">PORTARIA-DA-FCP N.\u00ba 014-2021 &#8211; Nomea\u00e7\u00e3o &#8211; Professor &#8211; Monitoria &#8211; F.G.J. &#8211; DIREITO &#8211; FCP &#8211; 2021-1 (Atualpa)<\/a><\/p>\n\n\n\n<p><a href=\"https:\/\/fcpi.com.br\/portal\/wp-content\/uploads\/2021\/03\/PORTARIA-DA-FCP-N.o-013-2021-Nomeacao-Professor-Monitoria-I.E.D.-DIREITO-FCP-2021-1-Cristiano.pdf\" target=\"_blank\" rel=\"noopener noreferrer\">PORTARIA-DA-FCP N.\u00ba 013-2021 &#8211; Nomea\u00e7\u00e3o &#8211; Professor &#8211; Monitoria &#8211; I.E.D. &#8211; DIREITO &#8211; FCP &#8211; 2021-1 (Cristiano)<\/a><\/p>\n\n\n\n<p><a href=\"https:\/\/fcpi.com.br\/portal\/wp-content\/uploads\/2021\/03\/PORTARIA-DA-FCP-N.o-012-2021-Nomeacao-Monitora-Ana-Raquel-D.-R.-e-F.-DIREITO-FCP-2021-1.pdf\" target=\"_blank\" rel=\"noopener noreferrer\">PORTARIA-DA-FCP N.\u00ba 012-2021 &#8211; Nomea\u00e7\u00e3o &#8211; Monitora &#8211; Ana Raquel &#8211; D. R. e F. &#8211; DIREITO &#8211; FCP &#8211; 2021-1<\/a><\/p>\n\n\n\n<p><a href=\"https:\/\/fcpi.com.br\/portal\/wp-content\/uploads\/2021\/03\/PORTARIA-DA-FCP-N.o-011-2021-Nomeacao-Monitor-Ricardo-D.-P.-C.-II-DIREITO-FCP-2021-1.pdf\" target=\"_blank\" rel=\"noopener noreferrer\">PORTARIA-DA-FCP N.\u00ba 011-2021 &#8211; Nomea\u00e7\u00e3o &#8211; Monitor &#8211; Ricardo &#8211; D. P. C. II &#8211; DIREITO &#8211; FCP &#8211; 2021-1<\/a><\/p>\n\n\n\n<p><a href=\"https:\/\/fcpi.com.br\/portal\/wp-content\/uploads\/2021\/03\/PORTARIA-DA-FCP-N.o-010-2021-Nomeacao-Monitor-Domingos-D.-C.-II-DIREITO-FCP-2021-1.pdf\" target=\"_blank\" rel=\"noopener noreferrer\">PORTARIA-DA-FCP N.\u00ba 010-2021 &#8211; Nomea\u00e7\u00e3o &#8211; Monitor &#8211; Domingos &#8211; D. C. II &#8211; DIREITO &#8211; FCP &#8211; 2021-1<\/a><\/p>\n\n\n\n<p><a href=\"https:\/\/fcpi.com.br\/portal\/wp-content\/uploads\/2021\/03\/PORTARIA-DA-FCP-N.o-009-2021-Nomeacao-Monitora-Ana-Cristina-F.-G.-J.-DIREITO-FCP-2021-1.pdf\" target=\"_blank\" rel=\"noopener noreferrer\">PORTARIA-DA-FCP N.\u00ba 009-2021 &#8211; Nomea\u00e7\u00e3o &#8211; Monitora &#8211; Ana Cristina &#8211; F. G. J. &#8211; DIREITO &#8211; FCP &#8211; 2021-1<\/a><\/p>\n\n\n\n<p><a href=\"https:\/\/fcpi.com.br\/portal\/wp-content\/uploads\/2021\/03\/PORTARIA-DA-FCP-N.o-008-2021-Nomeacao-Monitora-Danuzia-I.E.D.-DIREITO-FCP-2021-1.pdf\" target=\"_blank\" rel=\"noopener noreferrer\">PORTARIA-DA-FCP N.\u00ba 008-2021 &#8211; Nomea\u00e7\u00e3o &#8211; Monitora &#8211; Danuzia &#8211; I.E.D. &#8211; DIREITO &#8211; FCP &#8211; 2021-1<\/a><\/p>\n\n\n\n<p><a href=\"https:\/\/fcpi.com.br\/portal\/wp-content\/uploads\/2021\/03\/PORTARIA-DA-FCP-N.o-007-2021-Atividades-Complementares-DIREITO-FCP-2021-1.pdf\" target=\"_blank\" rel=\"noopener noreferrer\">PORTARIA-DA-FCP N.\u00ba 007-2021 &#8211; Atividades Complementares &#8211; DIREITO &#8211; FCP &#8211; 2021-1<\/a><\/p>\n\n\n\n<p><a href=\"https:\/\/fcpi.com.br\/portal\/wp-content\/uploads\/2021\/03\/PORTARIA-DA-FCP-N.o-006-2021-RESULTADO-Dispensa-de-disciplina-DIREITO-FCP-2021-1.pdf\" target=\"_blank\" rel=\"noopener noreferrer\">PORTARIA-DA-FCP N.\u00ba 006-2021 &#8211; RESULTADO &#8211; Dispensa de disciplina &#8211; DIREITO &#8211; FCP &#8211; 2021-1<\/a><\/p>\n\n\n\n<p><a href=\"https:\/\/fcpi.com.br\/portal\/wp-content\/uploads\/2021\/03\/PORTARIA-DA-FCP-N.o-005-2021-RESULTADO-Portador-e-Transferencia-DIREITO-FCP-2021-1.pdf\" target=\"_blank\" rel=\"noopener noreferrer\">PORTARIA-DA-FCP N.\u00ba 005-2021 &#8211; RESULTADO &#8211; Portador e Transfer\u00eancia &#8211; DIREITO &#8211; FCP &#8211; 2021-1<\/a><\/p>\n\n\n\n<p><a href=\"https:\/\/fcpi.com.br\/portal\/wp-content\/uploads\/2021\/03\/PORTARIA-DA-FCP-N.o-004-2021-Homologacao-Premio-Merito-Academico-DIREITO-FCP-2020-2.pdf\" target=\"_blank\" rel=\"noopener noreferrer\">PORTARIA-DA-FCP N.\u00ba 004-2021 &#8211; Homologa\u00e7\u00e3o &#8211; Pr\u00eamio M\u00earito Acad\u00eamico &#8211; DIREITO &#8211; FCP &#8211; 2020-2<\/a><\/p>\n\n\n\n<p><a href=\"https:\/\/fcpi.com.br\/portal\/wp-content\/uploads\/2021\/03\/PORTARIA-DA-FCP-N.o-003-2021-Oferta-de-Disciplinas-Dependencias-DIREITO-FCP-2021-1-Por-Professor.pdf\" target=\"_blank\" rel=\"noopener noreferrer\">PORTARIA-DA-FCP N.\u00ba 003-2021 &#8211; Oferta de Disciplinas &#8211; Depend\u00eancias &#8211; DIREITO &#8211; FCP &#8211; 2021-1 (Por Professor)<\/a><\/p>\n\n\n\n<p><a href=\"https:\/\/fcpi.com.br\/portal\/wp-content\/uploads\/2021\/03\/PORTARIA-DA-FCP-N.o-002-2021-Oferta-de-Disciplinas-Dependencias-DIREITO-FCP-2021-1-Por-Disciplina.pdf\" target=\"_blank\" rel=\"noopener noreferrer\">PORTARIA-DA-FCP N.\u00ba 002-2021 &#8211; Oferta de Disciplinas &#8211; Depend\u00eancias &#8211; DIREITO &#8211; FCP &#8211; 2021-1 (Por Disciplina)<\/a><\/p>\n\n\n\n<p><a href=\"https:\/\/fcpi.com.br\/portal\/wp-content\/uploads\/2021\/03\/PORTARIA-DA-FCP-N.o-001-2021-Oferta-de-Disciplinas-Dependencias-DIREITO-FCP-2021-1-Por-Aluno.pdf\" target=\"_blank\" rel=\"noopener noreferrer\">PORTARIA-DA-FCP N.\u00ba 001-2021 &#8211; Oferta de Disciplinas &#8211; Depend\u00eancias &#8211; DIREITO &#8211; FCP &#8211; 2021-1 (Por Aluno)<\/a><\/p>\n\n\n\n<p><a href=\"https:\/\/fcpi.com.br\/portal\/wp-content\/uploads\/2021\/03\/PORTARIA-C.D.-No-001-2021.1-da-FCP-Suspensao-das-Aulas-Presencias-11-03-2021-DIREITO-FCP.pdf\" target=\"_blank\" rel=\"noopener noreferrer\">PORTARIA C.D. N\u00ba 001-2021.1 da FCP &#8211; Suspens\u00e3o das Aulas Presencias-11-03-2021 &#8211; DIREITO &#8211; FCP<\/a><\/p>\n\n\n\n<p><a href=\"https:\/\/fcpi.com.br\/portal\/wp-content\/uploads\/2021\/02\/RESULTADO-DO-PROCESSO-SELETIVO-2021.pdf\" target=\"_blank\" rel=\"noopener noreferrer\">PORTARIA &#8211; RESULTADO DO PROCESSO SELETIVO 2021<\/a><\/p>\n\n\n\n<p><a href=\"https:\/\/fcpi.com.br\/portal\/wp-content\/uploads\/2021\/01\/PORTARIA-DA-FCP-N.o-003-2021-Oferta-de-Disciplinas-Dependencias-DIREITO-FCP-2021-1-Por-Professor.pdf\" target=\"_blank\" rel=\"noopener noreferrer\">PORTARIA-DA-FCP N.\u00ba 003-2021 &#8211; Oferta de Disciplinas &#8211; Depend\u00eancias &#8211; DIREITO &#8211; FCP &#8211; 2021-1 (Por Professor)<\/a><\/p>\n\n\n\n<p><a href=\"https:\/\/fcpi.com.br\/portal\/wp-content\/uploads\/2021\/01\/PORTARIA-DA-FCP-N.o-002-2021-Oferta-de-Disciplinas-Dependencias-DIREITO-FCP-2021-1-Por-Disciplina.pdf\" target=\"_blank\" rel=\"noopener noreferrer\">PORTARIA-DA-FCP N.\u00ba 002-2021 &#8211; Oferta de Disciplinas &#8211; Depend\u00eancias &#8211; DIREITO &#8211; FCP &#8211; 2021-1 (Por Disciplina)<\/a><\/p>\n\n\n\n<p><a href=\"https:\/\/fcpi.com.br\/portal\/wp-content\/uploads\/2021\/01\/PORTARIA-DA-FCP-N.o-001-2021-Oferta-de-Disciplinas-Dependencias-DIREITO-FCP-2021-1-Por-Aluno.pdf\" target=\"_blank\" rel=\"noopener noreferrer\">PORTARIA-DA-FCP N.\u00ba 001-2021 &#8211; Oferta de Disciplinas &#8211; Depend\u00eancias &#8211; DIREITO &#8211; FCP &#8211; 2021-1 (Por Aluno)<\/a><\/p>\n\n\n\n<p><a href=\"https:\/\/fcpi.com.br\/portal\/wp-content\/uploads\/2020\/12\/PORTARIA-DA-FCP-N.o-009-2020-Prorrogacao-Prazo-Atividades-Complementares-DIREITO-FCP-2020-2.pdf\" target=\"_blank\" rel=\"noopener noreferrer\">PORTARIA-DA-FCP N.\u00ba 009-2020 &#8211; <em>Prorroga\u00e7\u00e3o Prazo Atividades Complementares &#8211; DIREITO &#8211; FCP &#8211; 2020-2<\/em><\/a><\/p>\n\n\n\n<p><a href=\"https:\/\/fcpi.com.br\/portal\/wp-content\/uploads\/2020\/11\/PORTARIA-DG-FCP-n.o-017-2020-Nomeacao-Membros-N.D.E.-Direito-FCP-2020-Assinada.pdf\" target=\"_blank\" rel=\"noopener noreferrer\">PORTARIA-DG-FCP n.\u00ba 017-2020 &#8211; Nomea\u00e7\u00e3o Membros N.D.E. &#8211; Direito &#8211; FCP &#8211; 2020 (Assinada)<\/a><\/p>\n\n\n\n<p><a href=\"https:\/\/fcpi.com.br\/portal\/wp-content\/uploads\/2020\/11\/PORTARIA-DG-FCP-n.o-016-2020-Nomeacao-Membros-C.-P.-A.-FCP-2020-Assinada.pdf\" target=\"_blank\" rel=\"noopener noreferrer\">PORTARIA-DG-FCP n.\u00ba 016-2020 &#8211; Nomea\u00e7\u00e3o Membros C. P. A. &#8211; FCP &#8211; 2020 (Assinada)<\/a><\/p>\n\n\n\n<p><a href=\"https:\/\/fcpi.com.br\/portal\/wp-content\/uploads\/2020\/11\/PORTARIA-GP-SESSPI-n.o-002-2020-Nomeacao-Diretora-Geral-FCP-Assinada.pdf\" target=\"_blank\" rel=\"noopener noreferrer\">PORTARIA-GP-SESSPI n.\u00ba 002-2020 &#8211; Nomea\u00e7\u00e3o Diretora Geral &#8211; FCP (Assinada)<\/a><\/p>\n\n\n\n<p><a href=\"https:\/\/fcpi.com.br\/portal\/wp-content\/uploads\/2020\/10\/Portaria-NPPE-n.\u00ba-016-2020-PIBIC-Zenaide-Lemos-Ribeiro.pdf\" target=\"_blank\" rel=\"noopener noreferrer\">Portaria &#8211; NPPE n.\u00ba 016-2020 &#8211; <em>PIBIC (Zenaide Lemos Ribeiro)<\/em><\/a><\/p>\n\n\n\n<p><a href=\"https:\/\/fcpi.com.br\/portal\/wp-content\/uploads\/2020\/10\/Portaria-NPPE-n.\u00ba-015-2020-PIBIC-Alessandra-de-Souza-Arraes.pdf\" target=\"_blank\" rel=\"noopener noreferrer\">Portaria &#8211; NPPE n.\u00ba 015-2020 &#8211; <em>PIBIC (Alessandra de Souza Arraes)<\/em><\/a><\/p>\n\n\n\n<p><a href=\"https:\/\/fcpi.com.br\/portal\/wp-content\/uploads\/2020\/09\/PORTARIA-NPPE-FCP-n.\u00ba-014-2020-MONITORIA-DIREITO-FCP-PROFESSOR-2020-2-Matheus.pdf\" target=\"_blank\" rel=\"noopener noreferrer\">PORTARIA-NPPE-FCP n.\u00ba 014-2020 &#8211; <em>MONITORIA &#8211; DIREITO &#8211; FCP &#8211; PROFESSOR &#8211; 2020-2 (Matheus)<\/em><\/a><\/p>\n\n\n\n<p><a href=\"https:\/\/fcpi.com.br\/portal\/wp-content\/uploads\/2020\/09\/PORTARIA-NPPE-FCP-n.\u00ba-013-2020-MONITORIA-DIREITO-FCP-PROFESSOR-2020-2-Angelo.pdf\" target=\"_blank\" rel=\"noopener noreferrer\">PORTARIA-NPPE-FCP n.\u00ba 013-2020 &#8211; <em>MONITORIA &#8211; DIREITO &#8211; FCP &#8211; PROFESSOR &#8211; 2020-2 (Angelo)<\/em><\/a><\/p>\n\n\n\n<p><a href=\"https:\/\/fcpi.com.br\/portal\/wp-content\/uploads\/2020\/09\/PORTARIA-NPPE-FCP-n.\u00ba-012-2020-MONITORIA-DIREITO-FCP-PROFESSOR-2020-2-Rafael.pdf\" target=\"_blank\" rel=\"noopener noreferrer\">PORTARIA-NPPE-FCP n.\u00ba 012-2020 &#8211; <em>MONITORIA &#8211; DIREITO &#8211; FCP &#8211; PROFESSOR &#8211; 2020-2 (Rafael)<\/em><\/a><\/p>\n\n\n\n<p><a href=\"https:\/\/fcpi.com.br\/portal\/wp-content\/uploads\/2020\/09\/PORTARIA-NPPE-FCP-n.\u00ba-011-2020-MONITORIA-DIREITO-FCP-PROFESSOR-2020-2-Ant\u00f4nio-Carlos.pdf\" target=\"_blank\" rel=\"noopener noreferrer\">PORTARIA-NPPE-FCP n.\u00ba 011-2020 &#8211; <em>MONITORIA &#8211; DIREITO &#8211; FCP &#8211; PROFESSOR &#8211; 2020-2 (Ant\u00f4nio Carlos)<\/em><\/a><\/p>\n\n\n\n<p><a href=\"https:\/\/fcpi.com.br\/portal\/wp-content\/uploads\/2020\/09\/PORTARIA-NPPE-FCP-n.\u00ba-010-2020-MONITORIA-DIREITO-FCP-PROFESSOR-2020-2-Ant\u00f4nio-Carlos.pdf\" target=\"_blank\" rel=\"noopener noreferrer\">PORTARIA-NPPE-FCP n.\u00ba 010-2020 &#8211; <em>MONITORIA &#8211; DIREITO &#8211; FCP &#8211; PROFESSOR &#8211; 2020-2 (Ant\u00f4nio Carlos)<\/em><\/a><\/p>\n\n\n\n<p><a href=\"https:\/\/fcpi.com.br\/portal\/wp-content\/uploads\/2020\/09\/PORTARIA-NPPE-FCP-n.\u00ba-009-2020-MONITORIA-DIREITO-FCP-PROFESSOR-2020-2-Cristiano.pdf\" target=\"_blank\" rel=\"noopener noreferrer\">PORTARIA-NPPE-FCP n.\u00ba 009-2020 &#8211; <em>MONITORIA &#8211; DIREITO &#8211; FCP &#8211; PROFESSOR &#8211; 2020-2 (Cristiano)<\/em><\/a><\/p>\n\n\n\n<p><a href=\"https:\/\/fcpi.com.br\/portal\/wp-content\/uploads\/2020\/09\/PORTARIA-NPPE-FCP-n.\u00ba-008-2020-MONITORIA-DIREITO-FCP-ALUNO-2020-2-Alessandra-de-Souza-Arraes.pdf\" target=\"_blank\" rel=\"noopener noreferrer\">PORTARIA-NPPE-FCP n.\u00ba 008-2020 &#8211; <em>MONITORIA &#8211; DIREITO &#8211; FCP &#8211; ALUNO &#8211; 2020-2 (Alessandra de Souza Arraes)<\/em><\/a><\/p>\n\n\n\n<p><a href=\"https:\/\/fcpi.com.br\/portal\/wp-content\/uploads\/2020\/09\/PORTARIA-NPPE-FCP-n.\u00ba-007-2020-MONITORIA-DIREITO-FCP-ALUNO-2020-2-Jos\u00e9-Henrique-da-Silva-Oliveira.pdf\" target=\"_blank\" rel=\"noopener noreferrer\">PORTARIA-NPPE-FCP n.\u00ba 007-2020 &#8211; <em>MONITORIA &#8211; DIREITO &#8211; FCP &#8211; ALUNO &#8211; 2020-2 (Jos\u00e9 Henrique da Silva Oliveira)<\/em><\/a><\/p>\n\n\n\n<p><a href=\"https:\/\/fcpi.com.br\/portal\/wp-content\/uploads\/2020\/09\/PORTARIA-NPPE-FCP-n.\u00ba-006-2020-MONITORIA-DIREITO-FCP-ALUNO-2020-2-Valtaneis-Lustosa-de-Sousa.pdf\" target=\"_blank\" rel=\"noopener noreferrer\">PORTARIA-NPPE-FCP n.\u00ba 006-2020 &#8211; <em>MONITORIA &#8211; DIREITO &#8211; FCP &#8211; ALUNO &#8211; 2020-2 (Valtaneis Lustosa de Sousa)<\/em><\/a><\/p>\n\n\n\n<p><a href=\"https:\/\/fcpi.com.br\/portal\/wp-content\/uploads\/2020\/09\/PORTARIA-NPPE-FCP-n.\u00ba-005-2020-MONITORIA-DIREITO-FCP-ALUNO-2020-2-Marta-Dias-Tavares.pdf\" target=\"_blank\" rel=\"noopener noreferrer\">PORTARIA-NPPE-FCP n.\u00ba 005-2020 &#8211; <em>MONITORIA &#8211; DIREITO &#8211; FCP &#8211; ALUNO &#8211; 2020-2 (Marta Dias Tavares)<\/em><\/a><\/p>\n\n\n\n<p><a href=\"https:\/\/fcpi.com.br\/portal\/wp-content\/uploads\/2020\/09\/PORTARIA-NPPE-FCP-n.\u00ba-004-2020-MONITORIA-DIREITO-FCP-ALUNO-2020-2-Millena-Silva-Lopes.pdf\" target=\"_blank\" rel=\"noopener noreferrer\">PORTARIA-NPPE-FCP n.\u00ba 004-2020 &#8211; <em>MONITORIA &#8211; DIREITO &#8211; FCP &#8211; ALUNO &#8211; 2020-2 (Millena Silva Lopes)<\/em><\/a><\/p>\n\n\n\n<p><a href=\"https:\/\/fcpi.com.br\/portal\/wp-content\/uploads\/2020\/09\/PORTARIA-NPPE-FCP-n.\u00ba-003-2020-MONITORIA-DIREITO-FCP-ALUNO-2020-2-Anne-Karoline-Brand\u00e3o-dos-Santos.pdf\" target=\"_blank\" rel=\"noopener noreferrer\">PORTARIA-NPPE-FCP n.\u00ba 003-2020 &#8211; <em>MONITORIA &#8211; DIREITO &#8211; FCP &#8211; ALUNO &#8211; 2020-2 (Anne Karoline Brand\u00e3o dos Santos)<\/em><\/a><\/p>\n\n\n\n<p><a href=\"https:\/\/fcpi.com.br\/portal\/wp-content\/uploads\/2020\/10\/PORTARIA-DG-FCP-n.\u00ba-015-2020-Nomea\u00e7\u00e3o-Membros-N.D.E.-Direito-FCP-2020-2.pdf\" target=\"_blank\" rel=\"noopener noreferrer\">PORTARIA-DG-FCP n.\u00ba 015-2020 &#8211; <em>Nomea\u00e7\u00e3o Membros N.D.E. &#8211; Direito &#8211; FCP &#8211; 2020<\/em><\/a><\/p>\n\n\n\n<p><a href=\"https:\/\/fcpi.com.br\/portal\/wp-content\/uploads\/2020\/10\/PORTARIA-DA-FCP-N.\u00ba-008-2020-Atividades-Complementares-DIREITO-FCP-2020-2.pdf\" target=\"_blank\" rel=\"noopener noreferrer\">PORTARIA-DA-FCP N.\u00ba 008-2020 &#8211; Atividades Complementares &#8211; DIREITO &#8211; FCP &#8211; 2020-2<\/a><\/p>\n\n\n\n<p><a href=\"https:\/\/fcpi.com.br\/portal\/wp-content\/uploads\/2020\/08\/PORTARIA-DA-FCP-N.\u00ba-007-2020-Prazos-para-postagens-no-AVA-DIREITO-FCP-2020-2.pdf\" target=\"_blank\" rel=\"noopener noreferrer\">PORTARIA-DA-FCP N.\u00ba 007-2020 &#8211; <em>Prazos para postagens no AVA &#8211; DIREITO &#8211; FCP &#8211; 2020-2<\/em><\/a><\/p>\n\n\n\n<p><a href=\"https:\/\/fcpi.com.br\/portal\/wp-content\/uploads\/2020\/08\/PORTARIA-DA-FCP-N.\u00ba-006-2020-Normas-sobre-Atividades-e-Avalia\u00e7\u00f5es-durante-a-Pandemia-DIREITO-FCP-2020-2-Com-Anexo-\u00danico.pdf\" target=\"_blank\" rel=\"noopener noreferrer\">PORTARIA-DA-FCP N.\u00ba 006-2020 &#8211; <em>Normas sobre Atividades e Avalia\u00e7\u00f5es durante a Pandemia &#8211; DIREITO &#8211; FCP &#8211; 2020-2 (Com Anexo \u00danico)<\/em><\/a><\/p>\n\n\n\n<p><a href=\"https:\/\/fcpi.com.br\/portal\/wp-content\/uploads\/2020\/06\/PORTARIA-DA-FCP-N.\u00ba-005-2020-Atividades-Complementares-DIREITO-FCP-2020-1.pdf\" target=\"_blank\" rel=\"noopener noreferrer\">PORTARIA-DA-FCP n.\u00ba 005-2020 &#8211; <em>Atividades Complementares &#8211; DIREITO &#8211; FCP &#8211; 2020-1<\/em><\/a><\/p>\n\n\n\n<p><a href=\"https:\/\/fcpi.com.br\/portal\/wp-content\/uploads\/2020\/06\/PORTARIA-DG-FCP-n.\u00ba-010-2020-Antecipa\u00e7\u00e3o-Feriado-Dia-do-Piau\u00ed-FCP-2020-1.pdf\" target=\"_blank\" rel=\"noopener noreferrer\">PORTARIA-DG-FCP n.\u00ba 010-2020 &#8211; <em>Antecipa\u00e7\u00e3o do Feriado Dia do Piau\u00ed na FCP no Per\u00edodo Letivo &#8211; 2020-1<\/em><\/a><\/p>\n\n\n\n<p><a href=\"https:\/\/fcpi.com.br\/portal\/wp-content\/uploads\/2020\/06\/PORTARIA-DG-FCP-n.\u00ba-009-2020-Prorroga\u00e7\u00e3o-Suspens\u00e3o-Aulas-Presenciais-FCP-2020-1.pdf\" target=\"_blank\" rel=\"noopener noreferrer\">PORTARIA-DG-FCP n.\u00ba 009-2020 &#8211; <em>Terceira Prorroga\u00e7\u00e3o da Suspens\u00e3o das Aulas Presenciais dos cursos da Faculdade do Cerrado Piauiense (FCP) no Per\u00edodo Letivo 2020\/1<\/em><\/a><\/p>\n\n\n\n<p><a href=\"https:\/\/fcpi.com.br\/portal\/wp-content\/uploads\/2020\/06\/PORTARIA-DG-FCP-n.\u00ba-008-2020-Prorroga\u00e7\u00e3o-Suspens\u00e3o-Aulas-Presenciais-FCP-2020-1.pdf\" target=\"_blank\" rel=\"noopener noreferrer\">PORTARIA-DG-FCP n.\u00ba 008-2020 &#8211; <em>Segunda Prorroga\u00e7\u00e3o da Suspens\u00e3o das Aulas Presenciais dos cursos da Faculdade do Cerrado Piauiense (FCP) no Per\u00edodo Letivo 2020\/1<\/em><\/a><\/p>\n\n\n\n<p><a href=\"https:\/\/fcpi.com.br\/portal\/wp-content\/uploads\/2020\/06\/PORTARIA-DG-FCP-n.\u00ba-007-2020-Prorroga\u00e7\u00e3o-Suspens\u00e3o-Aulas-Presenciais-FCP-2020-1.pdf\" target=\"_blank\" rel=\"noopener noreferrer\">PORTARIA-DG-FCP n.\u00ba 007-2020 &#8211; <em>Prorroga\u00e7\u00e3o da Suspens\u00e3o das Aulas Presenciais dos cursos da Faculdade do Cerrado Piauiense (FCP) no Per\u00edodo Letivo 2020\/1<\/em><\/a><\/p>\n\n\n\n<p><a href=\"https:\/\/fcpi.com.br\/portal\/wp-content\/uploads\/2020\/06\/PORTARIA-DG-FCP-n.\u00ba-006-2020-Suspens\u00e3o-Aulas-Presenciais-FCP-2020-1.pdf\" target=\"_blank\" rel=\"noopener noreferrer\">PORTARIA-DG-FCP n.\u00ba 006-2020 &#8211; <em>Suspens\u00e3o das Aulas Presenciais dos cursos da Faculdade do Cerrado Piauiense (FCP) no Per\u00edodo Letivo 2020\/1<\/em><\/a><\/p>\n\n\n\n<p><a href=\"https:\/\/fcpi.com.br\/portal\/wp-content\/uploads\/2020\/06\/PORTARIA-DG-FCP-n.\u00ba-005-2020-Nomea\u00e7\u00e3o-Membros-N.D.E.-Direito-FCP-2020.pdf\" target=\"_blank\" rel=\"noopener noreferrer\">PORTARIA-DG-FCP n.\u00ba 005-2020 &#8211; <em>Nomea\u00e7\u00e3o dos Membros do N\u00facleo Docente Estruturante (N.D.E.) do Curso de Bacharelado em Direito &#8211; FCP \u2013 2020<\/em><\/a><\/p>\n\n\n\n<p><a href=\"https:\/\/fcpi.com.br\/portal\/wp-content\/uploads\/2020\/06\/PORTARIA-DG-FCP-N.\u00ba-004-2020-Segunda-Chamada-Processo-Seletivo-FCP-2020-1.pdf\" target=\"_blank\" rel=\"noopener noreferrer\">PORTARIA-DG-FCP N.\u00ba 004-2020 &#8211; <em>Segunda Chamada do Processo Seletivo &#8211; FCP &#8211; 2020-1<\/em><\/a><\/p>\n\n\n\n<p><a href=\"https:\/\/fcpi.com.br\/portal\/wp-content\/uploads\/2020\/06\/PORTARIA-DG-FCP-N.\u00ba-003-2020-Resultado-Processo-Seletivo-FCP-2020-1.pdf\" target=\"_blank\" rel=\"noopener noreferrer\">PORTARIA-DG-FCP N.\u00ba 003-2020 &#8211; <em>Resultado do Processo Seletivo 2020\/1 dos Cursos de Gradua\u00e7\u00e3o da FCP<\/em><\/a><\/p>\n\n\n\n<p><a href=\"https:\/\/fcpi.com.br\/portal\/wp-content\/uploads\/2020\/06\/PORTARIA-DG-FCP-N.\u00ba-002-2020-Assinada.pdf\" target=\"_blank\" rel=\"noopener noreferrer\">PORTARIA-DG-FCP N.\u00ba 002-2020 &#8211; <em>Nomea\u00e7\u00e3o do Coordenador do Curso de Bacharelado em Direito da FCP<\/em><\/a><\/p>\n\n\n\n<p><a href=\"https:\/\/fcpi.com.br\/portal\/wp-content\/uploads\/2020\/06\/PORTARIA-DG-FCP-N.\u00ba-001-2020-Nomea\u00e7\u00e3o-Diretor-Acad\u00eamico-FCP.pdf\" target=\"_blank\" rel=\"noopener noreferrer\">PORTARIA-DG-FCP N.\u00ba 001-2020 &#8211; <em>Nomea\u00e7\u00e3o do Diretor Acad\u00eamico da FCP<\/em><\/a><\/p>\n\n\n\n<p><a href=\"https:\/\/fcpi.com.br\/portal\/wp-content\/uploads\/2020\/06\/PORTARIA-GP-SESSPI-n.\u00ba-001-2020-Assinada.pdf\" target=\"_blank\" rel=\"noopener noreferrer\">PORTARIA-GP-SESSPI n.\u00ba 001-2020 &#8211; <em>Nomea\u00e7\u00e3o da Diretora Geral da FCP<\/em><\/a>[\/vc_column_text][\/vc_column][\/vc_row]<\/p>\n","protected":false},"excerpt":{"rendered":"<p>Espa\u00e7o para publica\u00e7\u00e3o das portarias da Faculdade do Cerrado Piauiense. PORTARIA-DG-FCP N.\u00ba 011-2026- Resultado Processo Seletivo &#8211; FCP &#8211; 2026-1 PORTARIA-DG-FCP N.\u00ba 009-2026 (Nomea\u00e7\u00e3o-Coordenadora do NPPE-FCP) PORTARIA-DG-FCP N.\u00ba 008-2026 (Nomea\u00e7\u00e3o-Coordenador do Curso de Bacharelado em Direito-FCP) PORTARIA-DG-FCP N.\u00ba 007-2026 (Nomea\u00e7\u00e3o-Diretor Acad\u00eamico-FCP) PORTARIA-DG-FCP N.\u00ba 006-2026 &#8211; RESULTADO FINAL &#8211; SELE\u00c7\u00c3O &#8211; DOCENTE &#8211; DIREITO &#8211; FCP [&hellip;]<\/p>\n","protected":false},"author":2,"featured_media":0,"parent":0,"menu_order":0,"comment_status":"closed","ping_status":"closed","template":"","meta":{"footnotes":""},"class_list":["post-1230","page","type-page","status-publish","hentry"],"_links":{"self":[{"href":"https:\/\/fcpi.com.br\/novo\/wp-json\/wp\/v2\/pages\/1230","targetHints":{"allow":["GET"]}}],"collection":[{"href":"https:\/\/fcpi.com.br\/novo\/wp-json\/wp\/v2\/pages"}],"about":[{"href":"https:\/\/fcpi.com.br\/novo\/wp-json\/wp\/v2\/types\/page"}],"author":[{"embeddable":true,"href":"https:\/\/fcpi.com.br\/novo\/wp-json\/wp\/v2\/users\/2"}],"replies":[{"embeddable":true,"href":"https:\/\/fcpi.com.br\/novo\/wp-json\/wp\/v2\/comments?post=1230"}],"version-history":[{"count":146,"href":"https:\/\/fcpi.com.br\/novo\/wp-json\/wp\/v2\/pages\/1230\/revisions"}],"predecessor-version":[{"id":3296,"href":"https:\/\/fcpi.com.br\/novo\/wp-json\/wp\/v2\/pages\/1230\/revisions\/3296"}],"wp:attachment":[{"href":"https:\/\/fcpi.com.br\/novo\/wp-json\/wp\/v2\/media?parent=1230"}],"curies":[{"name":"wp","href":"https:\/\/api.w.org\/{rel}","templated":true}]}}